{"id":1383,"date":"2019-04-02T08:52:19","date_gmt":"2019-04-02T08:52:19","guid":{"rendered":"https:\/\/vidbertus.com\/product\/vi-996\/"},"modified":"2020-12-21T22:22:30","modified_gmt":"2020-12-21T22:22:30","slug":"vi-996","status":"publish","type":"product","link":"https:\/\/vidbertus.com\/es\/producto\/vi-996\/","title":{"rendered":"996"},"content":{"rendered":"<p>[vc_row el_class=\u00bbdescripcio-producto\u00bb][vc_column][vc_column_text el_class=\u00bbdescripcio-producte\u00bb]Vinos de Autor con singularidad propia.<\/p>\n<p>Una rapsodia de perfumes nos llega a la nariz en forma de casis, llave, bals\u00e1mico y tostados que evolucionan hacia el caf\u00e9 y el cacao, dejando todav\u00eda espacio para que se manifiesten los minerales, el sotobosque&#8230;<\/p>\n<p style=\"text-align: left;\">Al paladar, se nos abre el vino en toda su magnificencia, con gran intensidad y una potencia absolutamente equilibrada y contenida. De entrada, maduro y dulce, paso denso y aterciopelado y final firme y dilatado.<\/p>\n<p>[\/vc_column_text][vc_empty_space]<a itemprop=\"url\" href=\"https:\/\/vidbertus.com\/wp-content\/uploads\/2020\/12\/996-Cast.pdf\" target=\"_blank\"  class=\"mkdf-btn mkdf-btn-medium mkdf-btn-solid mkdf-btn-icon\"  >\n    <span class=\"mkdf-btn-text\">Ficha T\u00e9cnica<\/span>\n    <i class=\"mkdf-icon-font-awesome fa fa-file-pdf \" ><\/i><\/a>[\/vc_column][\/vc_row]<\/p>\n","protected":false},"excerpt":{"rendered":"<p>Capa intensa y profunda de rojo rub\u00ed con alg\u00fan recuerdo granate.<\/p>\n","protected":false},"featured_media":2104,"template":"","meta":[],"class_list":["post-1383","product","type-product","status-publish","has-post-thumbnail","hentry","product_cat-botellas-de-vino"],"yoast_head":"<!-- This site is optimized with the Yoast SEO plugin v19.11 - https:\/\/yoast.com\/wordpress\/plugins\/seo\/ -->\n<title>996 - Celler VidBertus<\/title>\n<meta name=\"description\" content=\"Vi 996 . Descobreix aquest i d&#039;altres vins d&#039;autor del celler VidBertus. Vi catal\u00e0 amb DO Conca de Barber\u00e0.\" \/>\n<meta name=\"robots\" content=\"index, follow, max-snippet:-1, max-image-preview:large, max-video-preview:-1\" \/>\n<link rel=\"canonical\" href=\"https:\/\/vidbertus.com\/es\/producto\/vi-996\/\" \/>\n<meta property=\"og:locale\" content=\"es_ES\" \/>\n<meta property=\"og:type\" content=\"article\" \/>\n<meta property=\"og:title\" content=\"996 - Celler VidBertus\" \/>\n<meta property=\"og:description\" content=\"Vi 996 . Descobreix aquest i d&#039;altres vins d&#039;autor del celler VidBertus. Vi catal\u00e0 amb DO Conca de Barber\u00e0.\" \/>\n<meta property=\"og:url\" content=\"https:\/\/vidbertus.com\/es\/producto\/vi-996\/\" \/>\n<meta property=\"og:site_name\" content=\"Celler VidBertus\" \/>\n<meta property=\"article:modified_time\" content=\"2020-12-21T22:22:30+00:00\" \/>\n<meta property=\"og:image\" content=\"https:\/\/vidbertus.com\/wp-content\/uploads\/2019\/04\/botella-996.jpg\" \/>\n\t<meta property=\"og:image:width\" content=\"600\" \/>\n\t<meta property=\"og:image:height\" content=\"900\" \/>\n\t<meta property=\"og:image:type\" content=\"image\/jpeg\" \/>\n<meta name=\"twitter:card\" content=\"summary_large_image\" \/>\n<meta name=\"twitter:label1\" content=\"Tiempo de lectura\" \/>\n\t<meta name=\"twitter:data1\" content=\"1 minuto\" \/>\n<script type=\"application\/ld+json\" class=\"yoast-schema-graph\">{\"@context\":\"https:\/\/schema.org\",\"@graph\":[{\"@type\":\"WebPage\",\"@id\":\"https:\/\/vidbertus.com\/es\/producto\/vi-996\/\",\"url\":\"https:\/\/vidbertus.com\/es\/producto\/vi-996\/\",\"name\":\"996 - Celler VidBertus\",\"isPartOf\":{\"@id\":\"https:\/\/vidbertus.com\/ca\/#website\"},\"datePublished\":\"2019-04-02T08:52:19+00:00\",\"dateModified\":\"2020-12-21T22:22:30+00:00\",\"description\":\"Vi 996 . Descobreix aquest i d'altres vins d'autor del celler VidBertus. Vi catal\u00e0 amb DO Conca de Barber\u00e0.\",\"breadcrumb\":{\"@id\":\"https:\/\/vidbertus.com\/es\/producto\/vi-996\/#breadcrumb\"},\"inLanguage\":\"es\",\"potentialAction\":[{\"@type\":\"ReadAction\",\"target\":[\"https:\/\/vidbertus.com\/es\/producto\/vi-996\/\"]}]},{\"@type\":\"BreadcrumbList\",\"@id\":\"https:\/\/vidbertus.com\/es\/producto\/vi-996\/#breadcrumb\",\"itemListElement\":[{\"@type\":\"ListItem\",\"position\":1,\"name\":\"Inici\",\"item\":\"https:\/\/vidbertus.com\/es\/\"},{\"@type\":\"ListItem\",\"position\":2,\"name\":\"Tienda de vinos\",\"item\":\"https:\/\/vidbertus.com\/es\/tienda-de-vinos\/\"},{\"@type\":\"ListItem\",\"position\":3,\"name\":\"996\"}]},{\"@type\":\"WebSite\",\"@id\":\"https:\/\/vidbertus.com\/ca\/#website\",\"url\":\"https:\/\/vidbertus.com\/ca\/\",\"name\":\"Celler VidBertus\",\"description\":\"Trepat de la DO Conca de Barbera - Celler VidBertus\",\"publisher\":{\"@id\":\"https:\/\/vidbertus.com\/ca\/#organization\"},\"potentialAction\":[{\"@type\":\"SearchAction\",\"target\":{\"@type\":\"EntryPoint\",\"urlTemplate\":\"https:\/\/vidbertus.com\/ca\/?s={search_term_string}\"},\"query-input\":\"required name=search_term_string\"}],\"inLanguage\":\"es\"},{\"@type\":\"Organization\",\"@id\":\"https:\/\/vidbertus.com\/ca\/#organization\",\"name\":\"VidBertus\",\"url\":\"https:\/\/vidbertus.com\/ca\/\",\"logo\":{\"@type\":\"ImageObject\",\"inLanguage\":\"es\",\"@id\":\"https:\/\/vidbertus.com\/ca\/#\/schema\/logo\/image\/\",\"url\":\"https:\/\/vidbertus.com\/wp-content\/uploads\/2019\/12\/favicon-vidbertus-04.png\",\"contentUrl\":\"https:\/\/vidbertus.com\/wp-content\/uploads\/2019\/12\/favicon-vidbertus-04.png\",\"width\":512,\"height\":512,\"caption\":\"VidBertus\"},\"image\":{\"@id\":\"https:\/\/vidbertus.com\/ca\/#\/schema\/logo\/image\/\"}}]}<\/script>\n<!-- \/ Yoast SEO plugin. -->","yoast_head_json":{"title":"996 - Celler VidBertus","description":"Vi 996 . Descobreix aquest i d'altres vins d'autor del celler VidBertus. Vi catal\u00e0 amb DO Conca de Barber\u00e0.","robots":{"index":"index","follow":"follow","max-snippet":"max-snippet:-1","max-image-preview":"max-image-preview:large","max-video-preview":"max-video-preview:-1"},"canonical":"https:\/\/vidbertus.com\/es\/producto\/vi-996\/","og_locale":"es_ES","og_type":"article","og_title":"996 - Celler VidBertus","og_description":"Vi 996 . Descobreix aquest i d'altres vins d'autor del celler VidBertus. Vi catal\u00e0 amb DO Conca de Barber\u00e0.","og_url":"https:\/\/vidbertus.com\/es\/producto\/vi-996\/","og_site_name":"Celler VidBertus","article_modified_time":"2020-12-21T22:22:30+00:00","og_image":[{"width":600,"height":900,"url":"https:\/\/vidbertus.com\/wp-content\/uploads\/2019\/04\/botella-996.jpg","type":"image\/jpeg"}],"twitter_card":"summary_large_image","twitter_misc":{"Tiempo de lectura":"1 minuto"},"schema":{"@context":"https:\/\/schema.org","@graph":[{"@type":"WebPage","@id":"https:\/\/vidbertus.com\/es\/producto\/vi-996\/","url":"https:\/\/vidbertus.com\/es\/producto\/vi-996\/","name":"996 - Celler VidBertus","isPartOf":{"@id":"https:\/\/vidbertus.com\/ca\/#website"},"datePublished":"2019-04-02T08:52:19+00:00","dateModified":"2020-12-21T22:22:30+00:00","description":"Vi 996 . Descobreix aquest i d'altres vins d'autor del celler VidBertus. Vi catal\u00e0 amb DO Conca de Barber\u00e0.","breadcrumb":{"@id":"https:\/\/vidbertus.com\/es\/producto\/vi-996\/#breadcrumb"},"inLanguage":"es","potentialAction":[{"@type":"ReadAction","target":["https:\/\/vidbertus.com\/es\/producto\/vi-996\/"]}]},{"@type":"BreadcrumbList","@id":"https:\/\/vidbertus.com\/es\/producto\/vi-996\/#breadcrumb","itemListElement":[{"@type":"ListItem","position":1,"name":"Inici","item":"https:\/\/vidbertus.com\/es\/"},{"@type":"ListItem","position":2,"name":"Tienda de vinos","item":"https:\/\/vidbertus.com\/es\/tienda-de-vinos\/"},{"@type":"ListItem","position":3,"name":"996"}]},{"@type":"WebSite","@id":"https:\/\/vidbertus.com\/ca\/#website","url":"https:\/\/vidbertus.com\/ca\/","name":"Celler VidBertus","description":"Trepat de la DO Conca de Barbera - Celler VidBertus","publisher":{"@id":"https:\/\/vidbertus.com\/ca\/#organization"},"potentialAction":[{"@type":"SearchAction","target":{"@type":"EntryPoint","urlTemplate":"https:\/\/vidbertus.com\/ca\/?s={search_term_string}"},"query-input":"required name=search_term_string"}],"inLanguage":"es"},{"@type":"Organization","@id":"https:\/\/vidbertus.com\/ca\/#organization","name":"VidBertus","url":"https:\/\/vidbertus.com\/ca\/","logo":{"@type":"ImageObject","inLanguage":"es","@id":"https:\/\/vidbertus.com\/ca\/#\/schema\/logo\/image\/","url":"https:\/\/vidbertus.com\/wp-content\/uploads\/2019\/12\/favicon-vidbertus-04.png","contentUrl":"https:\/\/vidbertus.com\/wp-content\/uploads\/2019\/12\/favicon-vidbertus-04.png","width":512,"height":512,"caption":"VidBertus"},"image":{"@id":"https:\/\/vidbertus.com\/ca\/#\/schema\/logo\/image\/"}}]}},"_links":{"self":[{"href":"https:\/\/vidbertus.com\/es\/wp-json\/wp\/v2\/product\/1383"}],"collection":[{"href":"https:\/\/vidbertus.com\/es\/wp-json\/wp\/v2\/product"}],"about":[{"href":"https:\/\/vidbertus.com\/es\/wp-json\/wp\/v2\/types\/product"}],"wp:featuredmedia":[{"embeddable":true,"href":"https:\/\/vidbertus.com\/es\/wp-json\/wp\/v2\/media\/2104"}],"wp:attachment":[{"href":"https:\/\/vidbertus.com\/es\/wp-json\/wp\/v2\/media?parent=1383"}],"curies":[{"name":"wp","href":"https:\/\/api.w.org\/{rel}","templated":true}]}}