{"id":1264,"date":"2019-04-02T09:34:52","date_gmt":"2019-04-02T09:34:52","guid":{"rendered":"https:\/\/vidbertus.com\/celler-vi-catala-do-conca-barbera\/"},"modified":"2019-12-19T12:41:47","modified_gmt":"2019-12-19T12:41:47","slug":"bodega-vino-catalan-do-conca-barbera","status":"publish","type":"page","link":"https:\/\/vidbertus.com\/es\/bodega-vino-catalan-do-conca-barbera\/","title":{"rendered":"La Bodega"},"content":{"rendered":"<p>[vc_section][vc_row][vc_column][vc_column_text]No es casualidad que la historia de Vidbertus empiece como una receta. Mi abuelo dej\u00f3 los vi\u00f1edos a causa de una enfermedad que le imped\u00eda labrar la tierra. Esto hizo que se dedicara a otra de sus pasiones, la farmacia. Pero en realidad nunca abandon\u00f3 completamente la tierra, el vino estaba en algunas recetas, casi como un elemento m\u00e1gico.<br \/>\nMi padre y yo, Albert, despu\u00e9s de unos a\u00f1os, concretamente en 2005, volvimos a nuestros or\u00edgenes. Rodeados de monta\u00f1as, el monasterio y los fr\u00edos inviernos de la Conca de Barber\u00e0, empezamos a elaborar vino catalan.<\/p>\n<p>Desde entonces, la sensibilidad, la delicadeza y el rigor son ingredientes indispensables que heredamos de mi abuelo. Por eso no es una casualidad que en todas las botellas de Vidbertus puedas encontrar la personalidad de cada uva y el alma de su tierra.<\/p>\n<p>Porque, si te pones a pensar, las grandes historias hay que vivirlas desde el origen, \u00bfno crees?[\/vc_column_text][vc_empty_space height=\u00bb85px\u00bb][\/vc_column][\/vc_row][vc_row full_width=\u00bbstretch_row_content_no_spaces\u00bb][vc_column]<div class=\"mkdf-image-gallery  mkdf-ig-slider-type mkdf-three-columns mkdf-normal-space    \">\n\t<div class=\"mkdf-ig-slider mkdf-owl-slider\" data-number-of-items=\"1\" data-enable-loop=\"yes\" data-enable-autoplay=\"yes\" data-slider-speed=\"5000\" data-slider-speed-animation=\"600\" data-slider-padding=\"no\" data-enable-navigation=\"yes\" data-enable-pagination=\"yes\">\n\t\t\t\t\t<div class=\"mkdf-ig-image\">\n\t\t\t\t\t\t\t\t\t<img decoding=\"async\" width=\"1200\" height=\"550\" src=\"https:\/\/vidbertus.com\/wp-content\/uploads\/2019\/07\/1.jpg\" class=\"attachment-full size-full\" alt=\"enoturisme catalunya\" srcset=\"https:\/\/vidbertus.com\/wp-content\/uploads\/2019\/07\/1.jpg 1200w, https:\/\/vidbertus.com\/wp-content\/uploads\/2019\/07\/1-300x138.jpg 300w, https:\/\/vidbertus.com\/wp-content\/uploads\/2019\/07\/1-768x352.jpg 768w, https:\/\/vidbertus.com\/wp-content\/uploads\/2019\/07\/1-1024x469.jpg 1024w, https:\/\/vidbertus.com\/wp-content\/uploads\/2019\/07\/1-600x275.jpg 600w\" sizes=\"(max-width: 1200px) 100vw, 1200px\" \/>\t\t\t\t\t\t\t<\/div>\n\t\t\t\t\t<div class=\"mkdf-ig-image\">\n\t\t\t\t\t\t\t\t\t<img decoding=\"async\" width=\"1200\" height=\"550\" src=\"https:\/\/vidbertus.com\/wp-content\/uploads\/2019\/07\/2.jpg\" class=\"attachment-full size-full\" alt=\"vins d&#039;autor\" srcset=\"https:\/\/vidbertus.com\/wp-content\/uploads\/2019\/07\/2.jpg 1200w, https:\/\/vidbertus.com\/wp-content\/uploads\/2019\/07\/2-300x138.jpg 300w, https:\/\/vidbertus.com\/wp-content\/uploads\/2019\/07\/2-768x352.jpg 768w, https:\/\/vidbertus.com\/wp-content\/uploads\/2019\/07\/2-1024x469.jpg 1024w, https:\/\/vidbertus.com\/wp-content\/uploads\/2019\/07\/2-600x275.jpg 600w\" sizes=\"(max-width: 1200px) 100vw, 1200px\" \/>\t\t\t\t\t\t\t<\/div>\n\t\t\t\t\t<div class=\"mkdf-ig-image\">\n\t\t\t\t\t\t\t\t\t<img decoding=\"async\" width=\"1200\" height=\"550\" src=\"https:\/\/vidbertus.com\/wp-content\/uploads\/2019\/07\/3.jpg\" class=\"attachment-full size-full\" alt=\"Celler\" srcset=\"https:\/\/vidbertus.com\/wp-content\/uploads\/2019\/07\/3.jpg 1200w, https:\/\/vidbertus.com\/wp-content\/uploads\/2019\/07\/3-300x138.jpg 300w, https:\/\/vidbertus.com\/wp-content\/uploads\/2019\/07\/3-768x352.jpg 768w, https:\/\/vidbertus.com\/wp-content\/uploads\/2019\/07\/3-1024x469.jpg 1024w, https:\/\/vidbertus.com\/wp-content\/uploads\/2019\/07\/3-600x275.jpg 600w\" sizes=\"(max-width: 1200px) 100vw, 1200px\" \/>\t\t\t\t\t\t\t<\/div>\n\t\t\t\t\t<div class=\"mkdf-ig-image\">\n\t\t\t\t\t\t\t\t\t<img decoding=\"async\" width=\"1200\" height=\"550\" src=\"https:\/\/vidbertus.com\/wp-content\/uploads\/2019\/07\/4.jpg\" class=\"attachment-full size-full\" alt=\"catalan winery\" srcset=\"https:\/\/vidbertus.com\/wp-content\/uploads\/2019\/07\/4.jpg 1200w, https:\/\/vidbertus.com\/wp-content\/uploads\/2019\/07\/4-300x138.jpg 300w, https:\/\/vidbertus.com\/wp-content\/uploads\/2019\/07\/4-768x352.jpg 768w, https:\/\/vidbertus.com\/wp-content\/uploads\/2019\/07\/4-1024x469.jpg 1024w, https:\/\/vidbertus.com\/wp-content\/uploads\/2019\/07\/4-600x275.jpg 600w\" sizes=\"(max-width: 1200px) 100vw, 1200px\" \/>\t\t\t\t\t\t\t<\/div>\n\t\t\t<\/div>\n<\/div>[vc_empty_space height=\u00bb70px\u00bb][\/vc_column][\/vc_row][vc_row el_class=\u00bbfila-raim\u00bb css=\u00bb.vc_custom_1562065325368{margin-bottom: 25px !important;}\u00bb][vc_column][vc_column_text el_class=\u00bbinfo-map\u00bb]\u00bbEl Celler Vidbertus, ubicado en l&#8217;Espluga de Francol\u00ed, dispone de una bodega de 1890 y participa en el proyecto del Viver de Celleristes de la Conca de Barber\u00e0, donde elaboramos nuestros vinos.<\/p>\n<p>A\u00f1o tras a\u00f1o nos esforzamos para elaborar unos productos con DO Conca de Barber\u00e0 de alta calidad y singularidad, de manera que nuestros clientes se sientan atra\u00eddos por nuestros productos.\u00bb[\/vc_column_text][\/vc_column][\/vc_row][\/vc_section][vc_section full_width=\u00bbstretch_row\u00bb el_class=\u00bbseccio-timeline-celler\u00bb css=\u00bb.vc_custom_1560340190281{background-color: #f6f4ed !important;}\u00bb][vc_row][vc_column]<div class=\"mkdf-section-title-holder border-title border-title-black mkdf-st-standard mkdf-st-title-left mkdf-st-normal-space \" style=\"text-align: center\">\n\t<div class=\"mkdf-st-inner\">\n\t\t\t\t\t\t\t<h2 class=\"mkdf-st-title\" >\n\t\t\t\tHist\u00f2ria\t\t\t<\/h2>\n\t\t\t\t\t<\/div>\n<\/div>[vc_empty_space height=\u00bb50px\u00bb][vc_column_text]    \t<div class=\"wpex-timeline-list center-tl  no-more no-end show-classic\" id=\"timeline-5537\" data-animations=\"\">\r\n        \t<div class=\"wpex-loading\">\r\n                <div class=\"wpex-spinner\">\r\n                    <div class=\"rect1\"><\/div>\r\n                    <div class=\"rect2\"><\/div>\r\n                    <div class=\"rect3\"><\/div>\r\n                    <div class=\"rect4\"><\/div>\r\n                    <div class=\"rect5\"><\/div>\r\n                <\/div>\r\n            <\/div>\r\n        \t        \t            <ul class=\"wpex wpex-timeline style-center\">\r\n                \r\n\t\t\t\t<li class=\"filter-5537_1286  post-1286 wp-timeline type-wp-timeline status-publish hentry wpex_category-historia wptl-customlink\" data-id=\"filter-5537_1286\" >\r\n\t<div class=\"\">\r\n                <time class=\"wpex-timeline-time\" datetime=\"08:03 12\/06\/2019\">\r\n        \t                <a href=\"javascript:;\" title=\"Plantaci\u00f3n\">\r\n                                    <\/a>\r\n                        <span class=\"exclearfix\"><\/span>\r\n            \r\n\t\t\t<span class=\"info-h\"><\/span>\r\n\t\t<span class=\"tll-date\">\r\n\t\t\t11\/03\/1998\r\n\t\t<\/span>        <\/time>\r\n        <div class=\"wpex-timeline-label\">\r\n                        <div class=\"timeline-details\">\r\n                                <div class=\"tlct-shortdes\">\r\n                    <h2 style=\" display:inline;\">\r\n                        <a href=\"javascript:;\" title=\"Plantaci\u00f3n\">\r\n                            <span class=\"tlmobile-visible\">11\/03\/1998&nbsp;-&nbsp;<\/span>Plantaci\u00f3n                        <\/a>\r\n                    <\/h2>\r\n                                        <p><p>Plantamos la vid en la partida en el Mas de l&#8217;Hortensi \u00abEL REGU\u00c9\u00bb, estas variedades: Monastrell, Garnacha tinta, Merlot.<\/p>\n<\/p>\r\n                                    <\/div>\r\n            <\/div>\r\n            <div class=\"exclearfix\"><\/div>\r\n        <\/div>\r\n            <\/div>\r\n    <div class=\"wpex-timeline-icon\">\r\n    \t        <a href=\"javascript:;\" title=\"Plantaci\u00f3n\"><i class=\"fa fa-square icon-img\"><\/i><\/a>\r\n    <\/div>\r\n    \t<style type=\"text\/css\">\r\n\t\t\t\t.wpex-timeline-list li.post-1286 .wpex-timeline-icon .fa.icon-img:before{ background:url(https:\/\/vidbertus.com\/wp-content\/uploads\/2019\/06\/timeline_01.png); background-repeat: no-repeat; background-size: 100% auto; background-position: center;}\r\n\t\t    <\/style>\r\n            <\/li><li class=\"filter-5537_1285  post-1285 wp-timeline type-wp-timeline status-publish hentry wpex_category-historia\" data-id=\"filter-5537_1285\" >\r\n\t<div class=\"\">\r\n                <time class=\"wpex-timeline-time\" datetime=\"08:20 12\/06\/2019\">\r\n        \t                <a href=\"javascript:;\" title=\"Adquisici\u00f3n\">\r\n                                    <\/a>\r\n                        <span class=\"exclearfix\"><\/span>\r\n            \r\n\t\t\t<span class=\"info-h\"><\/span>\r\n\t\t<span class=\"tll-date\">\r\n\t\t\t25\/09\/2005\r\n\t\t<\/span>        <\/time>\r\n        <div class=\"wpex-timeline-label\">\r\n                        <div class=\"timeline-details\">\r\n                                <div class=\"tlct-shortdes\">\r\n                    <h2 style=\" display:inline;\">\r\n                        <a href=\"javascript:;\" title=\"Adquisici\u00f3n\">\r\n                            <span class=\"tlmobile-visible\">25\/09\/2005&nbsp;-&nbsp;<\/span>Adquisici\u00f3n                        <\/a>\r\n                    <\/h2>\r\n                                        <p><p>Adquisici\u00f3n de la vi\u00f1a de 60 a\u00f1os de Parellada a la partida del Pla de Cervera.<\/p>\n<\/p>\r\n                                    <\/div>\r\n            <\/div>\r\n            <div class=\"exclearfix\"><\/div>\r\n        <\/div>\r\n            <\/div>\r\n    <div class=\"wpex-timeline-icon\">\r\n    \t        <a href=\"javascript:;\" title=\"Adquisici\u00f3n\"><i class=\"fa fa-square icon-img\"><\/i><\/a>\r\n    <\/div>\r\n    \t<style type=\"text\/css\">\r\n\t\t\t\t.wpex-timeline-list li.post-1285 .wpex-timeline-icon .fa.icon-img:before{ background:url(https:\/\/vidbertus.com\/wp-content\/uploads\/2019\/06\/timeline_02.png); background-repeat: no-repeat; background-size: 100% auto; background-position: center;}\r\n\t\t    <\/style>\r\n            <\/li><li class=\"filter-5537_1284  post-1284 wp-timeline type-wp-timeline status-publish hentry wpex_category-historia\" data-id=\"filter-5537_1284\" >\r\n\t<div class=\"\">\r\n                <time class=\"wpex-timeline-time\" datetime=\"08:21 12\/06\/2019\">\r\n        \t                <a href=\"javascript:;\" title=\"Inicio del proyecto\">\r\n                                    <\/a>\r\n                        <span class=\"exclearfix\"><\/span>\r\n            \r\n\t\t\t<span class=\"info-h\"><\/span>\r\n\t\t<span class=\"tll-date\">\r\n\t\t\t25\/06\/2009\r\n\t\t<\/span>        <\/time>\r\n        <div class=\"wpex-timeline-label\">\r\n                        <div class=\"timeline-details\">\r\n                                <div class=\"tlct-shortdes\">\r\n                    <h2 style=\" display:inline;\">\r\n                        <a href=\"javascript:;\" title=\"Inicio del proyecto\">\r\n                            <span class=\"tlmobile-visible\">25\/06\/2009&nbsp;-&nbsp;<\/span>Inicio del proyecto                        <\/a>\r\n                    <\/h2>\r\n                                        <p><p>Inicio del proyecto con la colaboraci\u00f3n de los en\u00f3logos Fernando Zamora y Marta Conde, con la ayuda de Ricard Sebasti\u00e0 (Mas Foraster) y de Joan Ramon Morgades (Cooperativa de l\u2019Espluga).<br \/>\nEn el mismo a\u00f1o el pay\u00e9s y vecino Salvador \u00abde Riudabella\u00bb nos permite elaborar vino catalan con DO Conca de Barber\u00e0 de su vid de Garrut, variedad prefilox\u00e9rica de la que nos hacemos un criadero y la adquirimos del Mas de l&#8217;Hortensi, del que saldr\u00e1 el vino 996.<br \/>\nSe incorpora al proyecto el en\u00f3logo Mart\u00ed Magri\u00f1\u00e1.<\/p>\n<\/p>\r\n                                    <\/div>\r\n            <\/div>\r\n            <div class=\"exclearfix\"><\/div>\r\n        <\/div>\r\n            <\/div>\r\n    <div class=\"wpex-timeline-icon\">\r\n    \t        <a href=\"javascript:;\" title=\"Inicio del proyecto\"><i class=\"fa fa-square icon-img\"><\/i><\/a>\r\n    <\/div>\r\n    \t<style type=\"text\/css\">\r\n\t\t\t\t.wpex-timeline-list li.post-1284 .wpex-timeline-icon .fa.icon-img:before{ background:url(https:\/\/vidbertus.com\/wp-content\/uploads\/2019\/06\/timeline_06.png); background-repeat: no-repeat; background-size: 100% auto; background-position: center;}\r\n\t\t    <\/style>\r\n            <\/li><li class=\"filter-5537_1283  post-1283 wp-timeline type-wp-timeline status-publish hentry wpex_category-historia\" data-id=\"filter-5537_1283\" >\r\n\t<div class=\"\">\r\n                <time class=\"wpex-timeline-time\" datetime=\"08:22 12\/06\/2019\">\r\n        \t                <a href=\"javascript:;\" title=\"Nace el vino Blanco\">\r\n                                    <\/a>\r\n                        <span class=\"exclearfix\"><\/span>\r\n            \r\n\t\t\t<span class=\"info-h\"><\/span>\r\n\t\t<span class=\"tll-date\">\r\n\t\t\t15\/10\/2010\r\n\t\t<\/span>        <\/time>\r\n        <div class=\"wpex-timeline-label\">\r\n                        <div class=\"timeline-details\">\r\n                                <div class=\"tlct-shortdes\">\r\n                    <h2 style=\" display:inline;\">\r\n                        <a href=\"javascript:;\" title=\"Nace el vino Blanco\">\r\n                            <span class=\"tlmobile-visible\">15\/10\/2010&nbsp;-&nbsp;<\/span>Nace el vino Blanco                        <\/a>\r\n                    <\/h2>\r\n                                        <p><p>Nace el vino blanco, de variedad Parellada 100%, el Ud2.<\/p>\n<\/p>\r\n                                    <\/div>\r\n            <\/div>\r\n            <div class=\"exclearfix\"><\/div>\r\n        <\/div>\r\n            <\/div>\r\n    <div class=\"wpex-timeline-icon\">\r\n    \t        <a href=\"javascript:;\" title=\"Nace el vino Blanco\"><i class=\"fa fa-square icon-img\"><\/i><\/a>\r\n    <\/div>\r\n    \t<style type=\"text\/css\">\r\n\t\t\t\t.wpex-timeline-list li.post-1283 .wpex-timeline-icon .fa.icon-img:before{ background:url(https:\/\/vidbertus.com\/wp-content\/uploads\/2019\/07\/white-wine.png); background-repeat: no-repeat; background-size: 100% auto; background-position: center;}\r\n\t\t    <\/style>\r\n            <\/li><li class=\"filter-5537_1282  post-1282 wp-timeline type-wp-timeline status-publish hentry wpex_category-historia\" data-id=\"filter-5537_1282\" >\r\n\t<div class=\"\">\r\n                <time class=\"wpex-timeline-time\" datetime=\"08:23 12\/06\/2019\">\r\n        \t                <a href=\"javascript:;\" title=\"Vino Trepat\">\r\n                                    <\/a>\r\n                        <span class=\"exclearfix\"><\/span>\r\n            \r\n\t\t\t<span class=\"info-h\"><\/span>\r\n\t\t<span class=\"tll-date\">\r\n\t\t\t30\/09\/2011\r\n\t\t<\/span>        <\/time>\r\n        <div class=\"wpex-timeline-label\">\r\n                        <div class=\"timeline-details\">\r\n                                <div class=\"tlct-shortdes\">\r\n                    <h2 style=\" display:inline;\">\r\n                        <a href=\"javascript:;\" title=\"Vino Trepat\">\r\n                            <span class=\"tlmobile-visible\">30\/09\/2011&nbsp;-&nbsp;<\/span>Vino Trepat                        <\/a>\r\n                    <\/h2>\r\n                                        <p><p>Nace el vino T de Trepat rosado y empezamos a pensar el futuro Tinto crianza.<\/p>\n<\/p>\r\n                                    <\/div>\r\n            <\/div>\r\n            <div class=\"exclearfix\"><\/div>\r\n        <\/div>\r\n            <\/div>\r\n    <div class=\"wpex-timeline-icon\">\r\n    \t        <a href=\"javascript:;\" title=\"Vino Trepat\"><i class=\"fa fa-square icon-img\"><\/i><\/a>\r\n    <\/div>\r\n    \t<style type=\"text\/css\">\r\n\t\t\t\t.wpex-timeline-list li.post-1282 .wpex-timeline-icon .fa.icon-img:before{ background:url(https:\/\/vidbertus.com\/wp-content\/uploads\/2019\/06\/timeline_07.png); background-repeat: no-repeat; background-size: 100% auto; background-position: center;}\r\n\t\t    <\/style>\r\n            <\/li><li class=\"filter-5537_1281  post-1281 wp-timeline type-wp-timeline status-publish hentry wpex_category-historia\" data-id=\"filter-5537_1281\" >\r\n\t<div class=\"\">\r\n                <time class=\"wpex-timeline-time\" datetime=\"08:23 12\/06\/2019\">\r\n        \t                <a href=\"javascript:;\" title=\"Llen\u00e7ament\">\r\n                                    <\/a>\r\n                        <span class=\"exclearfix\"><\/span>\r\n            \r\n\t\t\t<span class=\"info-h\"><\/span>\r\n\t\t<span class=\"tll-date\">\r\n\t\t\t15\/10\/2013\r\n\t\t<\/span>        <\/time>\r\n        <div class=\"wpex-timeline-label\">\r\n                        <div class=\"timeline-details\">\r\n                                <div class=\"tlct-shortdes\">\r\n                    <h2 style=\" display:inline;\">\r\n                        <a href=\"javascript:;\" title=\"Llen\u00e7ament\">\r\n                            <span class=\"tlmobile-visible\">15\/10\/2013&nbsp;-&nbsp;<\/span>Llen\u00e7ament                        <\/a>\r\n                    <\/h2>\r\n                                        <p><p>Salen al mercado las referencias Negre Nit y 996.<\/p>\n<\/p>\r\n                                    <\/div>\r\n            <\/div>\r\n            <div class=\"exclearfix\"><\/div>\r\n        <\/div>\r\n            <\/div>\r\n    <div class=\"wpex-timeline-icon\">\r\n    \t        <a href=\"javascript:;\" title=\"Llen\u00e7ament\"><i class=\"fa fa-square icon-img\"><\/i><\/a>\r\n    <\/div>\r\n    \t<style type=\"text\/css\">\r\n\t\t\t\t.wpex-timeline-list li.post-1281 .wpex-timeline-icon .fa.icon-img:before{ background:url(https:\/\/vidbertus.com\/wp-content\/uploads\/2019\/06\/timeline_08.png); background-repeat: no-repeat; background-size: 100% auto; background-position: center;}\r\n\t\t    <\/style>\r\n            <\/li><li class=\"filter-5537_1280  post-1280 wp-timeline type-wp-timeline status-publish hentry wpex_category-historia\" data-id=\"filter-5537_1280\" >\r\n\t<div class=\"\">\r\n                <time class=\"wpex-timeline-time\" datetime=\"08:23 12\/06\/2019\">\r\n        \t                <a href=\"javascript:;\" title=\"Nueva adquisici\u00f3n\">\r\n                                    <\/a>\r\n                        <span class=\"exclearfix\"><\/span>\r\n            \r\n\t\t\t<span class=\"info-h\"><\/span>\r\n\t\t<span class=\"tll-date\">\r\n\t\t\t7\/11\/2013\r\n\t\t<\/span>        <\/time>\r\n        <div class=\"wpex-timeline-label\">\r\n                        <div class=\"timeline-details\">\r\n                                <div class=\"tlct-shortdes\">\r\n                    <h2 style=\" display:inline;\">\r\n                        <a href=\"javascript:;\" title=\"Nueva adquisici\u00f3n\">\r\n                            <span class=\"tlmobile-visible\">7\/11\/2013&nbsp;-&nbsp;<\/span>Nueva adquisici\u00f3n                        <\/a>\r\n                    <\/h2>\r\n                                        <p><p>Adquisici\u00f3n de la vi\u00f1a de Trepat en Barber\u00e1 de la Conca y nace nuestro vino tinto joven Cup3.<br \/>\nSe incorpora al proyecto Marc Rosell.<\/p>\n<\/p>\r\n                                    <\/div>\r\n            <\/div>\r\n            <div class=\"exclearfix\"><\/div>\r\n        <\/div>\r\n            <\/div>\r\n    <div class=\"wpex-timeline-icon\">\r\n    \t        <a href=\"javascript:;\" title=\"Nueva adquisici\u00f3n\"><i class=\"fa fa-square icon-img\"><\/i><\/a>\r\n    <\/div>\r\n    \t<style type=\"text\/css\">\r\n\t\t\t\t.wpex-timeline-list li.post-1280 .wpex-timeline-icon .fa.icon-img:before{ background:url(https:\/\/vidbertus.com\/wp-content\/uploads\/2019\/06\/timeline_05.png); background-repeat: no-repeat; background-size: 100% auto; background-position: center;}\r\n\t\t    <\/style>\r\n            <\/li><li class=\"filter-5537_1279  post-1279 wp-timeline type-wp-timeline status-publish hentry wpex_category-historia\" data-id=\"filter-5537_1279\" >\r\n\t<div class=\"\">\r\n                <time class=\"wpex-timeline-time\" datetime=\"08:24 12\/06\/2019\">\r\n        \t                <a href=\"javascript:;\" title=\"Investigaci\u00f3n\">\r\n                                    <\/a>\r\n                        <span class=\"exclearfix\"><\/span>\r\n            \r\n\t\t\t<span class=\"info-h\"><\/span>\r\n\t\t<span class=\"tll-date\">\r\n\t\t\t10\/06\/2015\r\n\t\t<\/span>        <\/time>\r\n        <div class=\"wpex-timeline-label\">\r\n                        <div class=\"timeline-details\">\r\n                                <div class=\"tlct-shortdes\">\r\n                    <h2 style=\" display:inline;\">\r\n                        <a href=\"javascript:;\" title=\"Investigaci\u00f3n\">\r\n                            <span class=\"tlmobile-visible\">10\/06\/2015&nbsp;-&nbsp;<\/span>Investigaci\u00f3n                        <\/a>\r\n                    <\/h2>\r\n                                        <p><p>Se piensa el nuevo vino de media crianza.<\/p>\n<\/p>\r\n                                    <\/div>\r\n            <\/div>\r\n            <div class=\"exclearfix\"><\/div>\r\n        <\/div>\r\n            <\/div>\r\n    <div class=\"wpex-timeline-icon\">\r\n    \t        <a href=\"javascript:;\" title=\"Investigaci\u00f3n\"><i class=\"fa fa-square icon-img\"><\/i><\/a>\r\n    <\/div>\r\n    \t<style type=\"text\/css\">\r\n\t\t\t\t.wpex-timeline-list li.post-1279 .wpex-timeline-icon .fa.icon-img:before{ background:url(https:\/\/vidbertus.com\/wp-content\/uploads\/2019\/06\/timeline_10.png); background-repeat: no-repeat; background-size: 100% auto; background-position: center;}\r\n\t\t    <\/style>\r\n            <\/li><li class=\"filter-5537_1278  post-1278 wp-timeline type-wp-timeline status-publish hentry wpex_category-historia\" data-id=\"filter-5537_1278\" >\r\n\t<div class=\"\">\r\n                <time class=\"wpex-timeline-time\" datetime=\"08:29 12\/06\/2019\">\r\n        \t                <a href=\"javascript:;\" title=\"Degustaci\u00f3n\">\r\n                                    <\/a>\r\n                        <span class=\"exclearfix\"><\/span>\r\n            \r\n\t\t\t<span class=\"info-h\"><\/span>\r\n\t\t<span class=\"tll-date\">\r\n\t\t\t24\/04\/2017\r\n\t\t<\/span>        <\/time>\r\n        <div class=\"wpex-timeline-label\">\r\n                        <div class=\"timeline-details\">\r\n                                <div class=\"tlct-shortdes\">\r\n                    <h2 style=\" display:inline;\">\r\n                        <a href=\"javascript:;\" title=\"Degustaci\u00f3n\">\r\n                            <span class=\"tlmobile-visible\">24\/04\/2017&nbsp;-&nbsp;<\/span>Degustaci\u00f3n                        <\/a>\r\n                    <\/h2>\r\n                                        <p><p>Realizamos dos pruebas con vinos que ser\u00e1n el Gana i el Intr\u00e8pid.<\/p>\n<\/p>\r\n                                    <\/div>\r\n            <\/div>\r\n            <div class=\"exclearfix\"><\/div>\r\n        <\/div>\r\n            <\/div>\r\n    <div class=\"wpex-timeline-icon\">\r\n    \t        <a href=\"javascript:;\" title=\"Degustaci\u00f3n\"><i class=\"fa fa-square icon-img\"><\/i><\/a>\r\n    <\/div>\r\n    \t<style type=\"text\/css\">\r\n\t\t\t\t.wpex-timeline-list li.post-1278 .wpex-timeline-icon .fa.icon-img:before{ background:url(https:\/\/vidbertus.com\/wp-content\/uploads\/2019\/06\/timeline_03.png); background-repeat: no-repeat; background-size: 100% auto; background-position: center;}\r\n\t\t    <\/style>\r\n            <\/li><li class=\"filter-5537_1277  post-1277 wp-timeline type-wp-timeline status-publish hentry wpex_category-historia\" data-id=\"filter-5537_1277\" >\r\n\t<div class=\"\">\r\n                <time class=\"wpex-timeline-time\" datetime=\"08:29 12\/06\/2019\">\r\n        \t                <a href=\"javascript:;\" title=\"Nueva incorporaci\u00f3n\">\r\n                                    <\/a>\r\n                        <span class=\"exclearfix\"><\/span>\r\n            \r\n\t\t\t<span class=\"info-h\"><\/span>\r\n\t\t<span class=\"tll-date\">\r\n\t\t\t02\/06\/2018\r\n\t\t<\/span>        <\/time>\r\n        <div class=\"wpex-timeline-label\">\r\n                        <div class=\"timeline-details\">\r\n                                <div class=\"tlct-shortdes\">\r\n                    <h2 style=\" display:inline;\">\r\n                        <a href=\"javascript:;\" title=\"Nueva incorporaci\u00f3n\">\r\n                            <span class=\"tlmobile-visible\">02\/06\/2018&nbsp;-&nbsp;<\/span>Nueva incorporaci\u00f3n                        <\/a>\r\n                    <\/h2>\r\n                                        <p><p>Se incorpora al proyecto Eduard Rovira y se sacan al mercado las referencias siguientes.<br \/>\nVino Menut 2015\u2014&gt;100% Garrut<br \/>\nVino Intr\u00e8pid 2017\u2014&gt;100% Trepat fermentado en bota.<br \/>\nVino Gana 2017\u2014&gt; 100% Garnatxa tinta natural.<\/p>\n<\/p>\r\n                                    <\/div>\r\n            <\/div>\r\n            <div class=\"exclearfix\"><\/div>\r\n        <\/div>\r\n            <\/div>\r\n    <div class=\"wpex-timeline-icon\">\r\n    \t        <a href=\"javascript:;\" title=\"Nueva incorporaci\u00f3n\"><i class=\"fa fa-square icon-img\"><\/i><\/a>\r\n    <\/div>\r\n    \t<style type=\"text\/css\">\r\n\t\t\t\t.wpex-timeline-list li.post-1277 .wpex-timeline-icon .fa.icon-img:before{ background:url(https:\/\/vidbertus.com\/wp-content\/uploads\/2019\/06\/timeline_04.png); background-repeat: no-repeat; background-size: 100% auto; background-position: center;}\r\n\t\t    <\/style>\r\n            <\/li><li class=\"filter-5537_1276  post-1276 wp-timeline type-wp-timeline status-publish hentry wpex_category-historia\" data-id=\"filter-5537_1276\" >\r\n\t<div class=\"\">\r\n                <time class=\"wpex-timeline-time\" datetime=\"08:30 12\/06\/2019\">\r\n        \t                <a href=\"javascript:;\" title=\"Aniversari\">\r\n                                    <\/a>\r\n                        <span class=\"exclearfix\"><\/span>\r\n            \r\n\t\t\t<span class=\"info-h\"><\/span>\r\n\t\t<span class=\"tll-date\">\r\n\t\t\t31\/03\/2019\r\n\t\t<\/span>        <\/time>\r\n        <div class=\"wpex-timeline-label\">\r\n                        <div class=\"timeline-details\">\r\n                                <div class=\"tlct-shortdes\">\r\n                    <h2 style=\" display:inline;\">\r\n                        <a href=\"javascript:;\" title=\"Aniversari\">\r\n                            <span class=\"tlmobile-visible\">31\/03\/2019&nbsp;-&nbsp;<\/span>Aniversari                        <\/a>\r\n                    <\/h2>\r\n                                        <p><p>10 a\u00f1os de proyecto y preparaci\u00f3n de los 10 siguientes.<\/p>\n<\/p>\r\n                                    <\/div>\r\n            <\/div>\r\n            <div class=\"exclearfix\"><\/div>\r\n        <\/div>\r\n            <\/div>\r\n    <div class=\"wpex-timeline-icon\">\r\n    \t        <a href=\"javascript:;\" title=\"Aniversari\"><i class=\"fa fa-square icon-img\"><\/i><\/a>\r\n    <\/div>\r\n    \t<style type=\"text\/css\">\r\n\t\t\t\t.wpex-timeline-list li.post-1276 .wpex-timeline-icon .fa.icon-img:before{ background:url(https:\/\/vidbertus.com\/wp-content\/uploads\/2019\/06\/timeline_09.png); background-repeat: no-repeat; background-size: 100% auto; background-position: center;}\r\n\t\t    <\/style>\r\n            <\/li>            <\/ul>\r\n                    <\/div>\r\n        <div class=\"exclearfix\"><\/div>\r\n\t\t[\/vc_column_text][vc_empty_space height=\u00bb50px\u00bb][\/vc_column][\/vc_row][\/vc_section]<\/p>\n","protected":false},"excerpt":{"rendered":"10 a\u00f1os de proyecto y preparaci\u00f3n de los 10 siguientes.","protected":false},"author":1,"featured_media":0,"parent":0,"menu_order":0,"comment_status":"closed","ping_status":"closed","template":"","meta":{"footnotes":""},"class_list":["post-1264","page","type-page","status-publish","hentry"],"yoast_head":"<!-- This site is optimized with the Yoast SEO plugin v19.11 - https:\/\/yoast.com\/wordpress\/plugins\/seo\/ -->\n<title>Celler VidBertus , Vino catalan con DO Conca de Barbera<\/title>\n<meta name=\"description\" content=\"VidBertus elabora vinos catalanes con DO Conca de Barbera con sensibilidad, delicadeza y Rigor. Puedes consultar toda la informaci\u00f3n de nuestros vinos en la web.\" \/>\n<meta name=\"robots\" content=\"index, follow, max-snippet:-1, max-image-preview:large, max-video-preview:-1\" \/>\n<link rel=\"canonical\" href=\"https:\/\/vidbertus.com\/es\/bodega-vino-catalan-do-conca-barbera\/\" \/>\n<meta property=\"og:locale\" content=\"es_ES\" \/>\n<meta property=\"og:type\" content=\"article\" \/>\n<meta property=\"og:title\" content=\"Celler VidBertus , Vino catalan con DO Conca de Barbera\" \/>\n<meta property=\"og:description\" content=\"VidBertus elabora vinos catalanes con DO Conca de Barbera con sensibilidad, delicadeza y Rigor. Puedes consultar toda la informaci\u00f3n de nuestros vinos en la web.\" \/>\n<meta property=\"og:url\" content=\"https:\/\/vidbertus.com\/es\/bodega-vino-catalan-do-conca-barbera\/\" \/>\n<meta property=\"og:site_name\" content=\"Celler VidBertus\" \/>\n<meta property=\"article:modified_time\" content=\"2019-12-19T12:41:47+00:00\" \/>\n<meta name=\"twitter:card\" content=\"summary_large_image\" \/>\n<meta name=\"twitter:label1\" content=\"Tiempo de lectura\" \/>\n\t<meta name=\"twitter:data1\" content=\"2 minutos\" \/>\n<script type=\"application\/ld+json\" class=\"yoast-schema-graph\">{\"@context\":\"https:\/\/schema.org\",\"@graph\":[{\"@type\":\"WebPage\",\"@id\":\"https:\/\/vidbertus.com\/es\/bodega-vino-catalan-do-conca-barbera\/\",\"url\":\"https:\/\/vidbertus.com\/es\/bodega-vino-catalan-do-conca-barbera\/\",\"name\":\"Celler VidBertus , Vino catalan con DO Conca de Barbera\",\"isPartOf\":{\"@id\":\"https:\/\/vidbertus.com\/ca\/#website\"},\"datePublished\":\"2019-04-02T09:34:52+00:00\",\"dateModified\":\"2019-12-19T12:41:47+00:00\",\"description\":\"VidBertus elabora vinos catalanes con DO Conca de Barbera con sensibilidad, delicadeza y Rigor. Puedes consultar toda la informaci\u00f3n de nuestros vinos en la web.\",\"breadcrumb\":{\"@id\":\"https:\/\/vidbertus.com\/es\/bodega-vino-catalan-do-conca-barbera\/#breadcrumb\"},\"inLanguage\":\"es\",\"potentialAction\":[{\"@type\":\"ReadAction\",\"target\":[\"https:\/\/vidbertus.com\/es\/bodega-vino-catalan-do-conca-barbera\/\"]}]},{\"@type\":\"BreadcrumbList\",\"@id\":\"https:\/\/vidbertus.com\/es\/bodega-vino-catalan-do-conca-barbera\/#breadcrumb\",\"itemListElement\":[{\"@type\":\"ListItem\",\"position\":1,\"name\":\"Inici\",\"item\":\"https:\/\/vidbertus.com\/es\/\"},{\"@type\":\"ListItem\",\"position\":2,\"name\":\"La Bodega\"}]},{\"@type\":\"WebSite\",\"@id\":\"https:\/\/vidbertus.com\/ca\/#website\",\"url\":\"https:\/\/vidbertus.com\/ca\/\",\"name\":\"Celler VidBertus\",\"description\":\"Trepat de la DO Conca de Barbera - Celler VidBertus\",\"publisher\":{\"@id\":\"https:\/\/vidbertus.com\/ca\/#organization\"},\"potentialAction\":[{\"@type\":\"SearchAction\",\"target\":{\"@type\":\"EntryPoint\",\"urlTemplate\":\"https:\/\/vidbertus.com\/ca\/?s={search_term_string}\"},\"query-input\":\"required name=search_term_string\"}],\"inLanguage\":\"es\"},{\"@type\":\"Organization\",\"@id\":\"https:\/\/vidbertus.com\/ca\/#organization\",\"name\":\"VidBertus\",\"url\":\"https:\/\/vidbertus.com\/ca\/\",\"logo\":{\"@type\":\"ImageObject\",\"inLanguage\":\"es\",\"@id\":\"https:\/\/vidbertus.com\/ca\/#\/schema\/logo\/image\/\",\"url\":\"https:\/\/vidbertus.com\/wp-content\/uploads\/2019\/12\/favicon-vidbertus-04.png\",\"contentUrl\":\"https:\/\/vidbertus.com\/wp-content\/uploads\/2019\/12\/favicon-vidbertus-04.png\",\"width\":512,\"height\":512,\"caption\":\"VidBertus\"},\"image\":{\"@id\":\"https:\/\/vidbertus.com\/ca\/#\/schema\/logo\/image\/\"}}]}<\/script>\n<!-- \/ Yoast SEO plugin. -->","yoast_head_json":{"title":"Celler VidBertus , Vino catalan con DO Conca de Barbera","description":"VidBertus elabora vinos catalanes con DO Conca de Barbera con sensibilidad, delicadeza y Rigor. Puedes consultar toda la informaci\u00f3n de nuestros vinos en la web.","robots":{"index":"index","follow":"follow","max-snippet":"max-snippet:-1","max-image-preview":"max-image-preview:large","max-video-preview":"max-video-preview:-1"},"canonical":"https:\/\/vidbertus.com\/es\/bodega-vino-catalan-do-conca-barbera\/","og_locale":"es_ES","og_type":"article","og_title":"Celler VidBertus , Vino catalan con DO Conca de Barbera","og_description":"VidBertus elabora vinos catalanes con DO Conca de Barbera con sensibilidad, delicadeza y Rigor. Puedes consultar toda la informaci\u00f3n de nuestros vinos en la web.","og_url":"https:\/\/vidbertus.com\/es\/bodega-vino-catalan-do-conca-barbera\/","og_site_name":"Celler VidBertus","article_modified_time":"2019-12-19T12:41:47+00:00","twitter_card":"summary_large_image","twitter_misc":{"Tiempo de lectura":"2 minutos"},"schema":{"@context":"https:\/\/schema.org","@graph":[{"@type":"WebPage","@id":"https:\/\/vidbertus.com\/es\/bodega-vino-catalan-do-conca-barbera\/","url":"https:\/\/vidbertus.com\/es\/bodega-vino-catalan-do-conca-barbera\/","name":"Celler VidBertus , Vino catalan con DO Conca de Barbera","isPartOf":{"@id":"https:\/\/vidbertus.com\/ca\/#website"},"datePublished":"2019-04-02T09:34:52+00:00","dateModified":"2019-12-19T12:41:47+00:00","description":"VidBertus elabora vinos catalanes con DO Conca de Barbera con sensibilidad, delicadeza y Rigor. Puedes consultar toda la informaci\u00f3n de nuestros vinos en la web.","breadcrumb":{"@id":"https:\/\/vidbertus.com\/es\/bodega-vino-catalan-do-conca-barbera\/#breadcrumb"},"inLanguage":"es","potentialAction":[{"@type":"ReadAction","target":["https:\/\/vidbertus.com\/es\/bodega-vino-catalan-do-conca-barbera\/"]}]},{"@type":"BreadcrumbList","@id":"https:\/\/vidbertus.com\/es\/bodega-vino-catalan-do-conca-barbera\/#breadcrumb","itemListElement":[{"@type":"ListItem","position":1,"name":"Inici","item":"https:\/\/vidbertus.com\/es\/"},{"@type":"ListItem","position":2,"name":"La Bodega"}]},{"@type":"WebSite","@id":"https:\/\/vidbertus.com\/ca\/#website","url":"https:\/\/vidbertus.com\/ca\/","name":"Celler VidBertus","description":"Trepat de la DO Conca de Barbera - Celler VidBertus","publisher":{"@id":"https:\/\/vidbertus.com\/ca\/#organization"},"potentialAction":[{"@type":"SearchAction","target":{"@type":"EntryPoint","urlTemplate":"https:\/\/vidbertus.com\/ca\/?s={search_term_string}"},"query-input":"required name=search_term_string"}],"inLanguage":"es"},{"@type":"Organization","@id":"https:\/\/vidbertus.com\/ca\/#organization","name":"VidBertus","url":"https:\/\/vidbertus.com\/ca\/","logo":{"@type":"ImageObject","inLanguage":"es","@id":"https:\/\/vidbertus.com\/ca\/#\/schema\/logo\/image\/","url":"https:\/\/vidbertus.com\/wp-content\/uploads\/2019\/12\/favicon-vidbertus-04.png","contentUrl":"https:\/\/vidbertus.com\/wp-content\/uploads\/2019\/12\/favicon-vidbertus-04.png","width":512,"height":512,"caption":"VidBertus"},"image":{"@id":"https:\/\/vidbertus.com\/ca\/#\/schema\/logo\/image\/"}}]}},"_links":{"self":[{"href":"https:\/\/vidbertus.com\/es\/wp-json\/wp\/v2\/pages\/1264"}],"collection":[{"href":"https:\/\/vidbertus.com\/es\/wp-json\/wp\/v2\/pages"}],"about":[{"href":"https:\/\/vidbertus.com\/es\/wp-json\/wp\/v2\/types\/page"}],"author":[{"embeddable":true,"href":"https:\/\/vidbertus.com\/es\/wp-json\/wp\/v2\/users\/1"}],"replies":[{"embeddable":true,"href":"https:\/\/vidbertus.com\/es\/wp-json\/wp\/v2\/comments?post=1264"}],"version-history":[{"count":3,"href":"https:\/\/vidbertus.com\/es\/wp-json\/wp\/v2\/pages\/1264\/revisions"}],"predecessor-version":[{"id":1411,"href":"https:\/\/vidbertus.com\/es\/wp-json\/wp\/v2\/pages\/1264\/revisions\/1411"}],"wp:attachment":[{"href":"https:\/\/vidbertus.com\/es\/wp-json\/wp\/v2\/media?parent=1264"}],"curies":[{"name":"wp","href":"https:\/\/api.w.org\/{rel}","templated":true}]}}