{"id":268,"date":"2019-04-05T08:27:00","date_gmt":"2019-04-05T06:27:00","guid":{"rendered":"https:\/\/mmkt.me\/vidbertus\/?post_type=product&#038;p=268"},"modified":"2025-03-03T16:28:10","modified_gmt":"2025-03-03T15:28:10","slug":"vi-t-detrepat","status":"publish","type":"product","link":"https:\/\/vidbertus.com\/ca\/producte\/vi-t-detrepat\/","title":{"rendered":"14 Hores"},"content":{"rendered":"<p>[vc_row el_class=&#8221;descripcio-producto&#8221;][vc_column][vc_column_text]Vins d&#8217;Autor amb singularitat propia.<\/p>\n<p>Perfums suaus entre fruiters i especiats, des de la grosella i la maduixa fins a un difuminat fons de pebre i canyella.<\/p>\n<p>En boca presenta un harm\u00f2nic equilibri entre frescor i la calidesa, entre l&#8217;acidesa i l&#8217;alcohol, amb pas de boca intens i sabor\u00f3s i un final lleument t\u00e0nnic que aporta<br \/>\ncerta sensaci\u00f3 de fermesa i estructura.[\/vc_column_text][vc_empty_space]<a itemprop=\"url\" href=\"https:\/\/vidbertus.com\/wp-content\/uploads\/2020\/10\/Fitxa-14-hores-Cat-2020-.pdf\" target=\"_blank\"  class=\"mkdf-btn mkdf-btn-small mkdf-btn-solid\"  >\n    <span class=\"mkdf-btn-text\">Fitxa T\u00e8cnica<\/span>\n    <\/a>[\/vc_column][\/vc_row]<\/p>\n","protected":false},"excerpt":{"rendered":"<p>Color rosat d&#8217;intensitat mitjana, de tonalitats malva un punt vermell\u00f3s, net i brillant..<\/p>\n","protected":false},"featured_media":2057,"template":"","meta":[],"class_list":["post-268","product","type-product","status-publish","has-post-thumbnail","hentry","product_cat-botelles-de-vi"],"yoast_head":"<!-- This site is optimized with the Yoast SEO plugin v19.11 - https:\/\/yoast.com\/wordpress\/plugins\/seo\/ -->\n<title>14 Hores - Celler VidBertus<\/title>\n<meta name=\"description\" content=\"Vi 14 Hores . Descobreix aquest i d&#039;altres vins d&#039;autor del celler VidBertus. Vi catal\u00e0 amb DO Conca de Barber\u00e0.\" \/>\n<meta name=\"robots\" content=\"index, follow, max-snippet:-1, max-image-preview:large, max-video-preview:-1\" \/>\n<link rel=\"canonical\" href=\"https:\/\/vidbertus.com\/ca\/producte\/vi-t-detrepat\/\" \/>\n<meta property=\"og:locale\" content=\"ca_ES\" \/>\n<meta property=\"og:type\" content=\"article\" \/>\n<meta property=\"og:title\" content=\"14 Hores - Celler VidBertus\" \/>\n<meta property=\"og:description\" content=\"Vi 14 Hores . Descobreix aquest i d&#039;altres vins d&#039;autor del celler VidBertus. Vi catal\u00e0 amb DO Conca de Barber\u00e0.\" \/>\n<meta property=\"og:url\" content=\"https:\/\/vidbertus.com\/ca\/producte\/vi-t-detrepat\/\" \/>\n<meta property=\"og:site_name\" content=\"Celler VidBertus\" \/>\n<meta property=\"article:modified_time\" content=\"2025-03-03T15:28:10+00:00\" \/>\n<meta property=\"og:image\" content=\"https:\/\/vidbertus.com\/wp-content\/uploads\/2019\/04\/botella-14hores.jpg\" \/>\n\t<meta property=\"og:image:width\" content=\"600\" \/>\n\t<meta property=\"og:image:height\" content=\"900\" \/>\n\t<meta property=\"og:image:type\" content=\"image\/jpeg\" \/>\n<meta name=\"twitter:card\" content=\"summary_large_image\" \/>\n<meta name=\"twitter:label1\" content=\"Temps estimat de lectura\" \/>\n\t<meta name=\"twitter:data1\" content=\"1 minut\" \/>\n<script type=\"application\/ld+json\" class=\"yoast-schema-graph\">{\"@context\":\"https:\/\/schema.org\",\"@graph\":[{\"@type\":\"WebPage\",\"@id\":\"https:\/\/vidbertus.com\/ca\/producte\/vi-t-detrepat\/\",\"url\":\"https:\/\/vidbertus.com\/ca\/producte\/vi-t-detrepat\/\",\"name\":\"14 Hores - Celler VidBertus\",\"isPartOf\":{\"@id\":\"https:\/\/vidbertus.com\/ca\/#website\"},\"datePublished\":\"2019-04-05T06:27:00+00:00\",\"dateModified\":\"2025-03-03T15:28:10+00:00\",\"description\":\"Vi 14 Hores . Descobreix aquest i d'altres vins d'autor del celler VidBertus. Vi catal\u00e0 amb DO Conca de Barber\u00e0.\",\"breadcrumb\":{\"@id\":\"https:\/\/vidbertus.com\/ca\/producte\/vi-t-detrepat\/#breadcrumb\"},\"inLanguage\":\"ca\",\"potentialAction\":[{\"@type\":\"ReadAction\",\"target\":[\"https:\/\/vidbertus.com\/ca\/producte\/vi-t-detrepat\/\"]}]},{\"@type\":\"BreadcrumbList\",\"@id\":\"https:\/\/vidbertus.com\/ca\/producte\/vi-t-detrepat\/#breadcrumb\",\"itemListElement\":[{\"@type\":\"ListItem\",\"position\":1,\"name\":\"Inici\",\"item\":\"https:\/\/vidbertus.com\/ca\/\"},{\"@type\":\"ListItem\",\"position\":2,\"name\":\"Botiga de vins\",\"item\":\"https:\/\/vidbertus.com\/ca\/botiga\/\"},{\"@type\":\"ListItem\",\"position\":3,\"name\":\"14 Hores\"}]},{\"@type\":\"WebSite\",\"@id\":\"https:\/\/vidbertus.com\/ca\/#website\",\"url\":\"https:\/\/vidbertus.com\/ca\/\",\"name\":\"Celler VidBertus\",\"description\":\"Trepat de la DO Conca de Barbera - Celler VidBertus\",\"publisher\":{\"@id\":\"https:\/\/vidbertus.com\/ca\/#organization\"},\"potentialAction\":[{\"@type\":\"SearchAction\",\"target\":{\"@type\":\"EntryPoint\",\"urlTemplate\":\"https:\/\/vidbertus.com\/ca\/?s={search_term_string}\"},\"query-input\":\"required name=search_term_string\"}],\"inLanguage\":\"ca\"},{\"@type\":\"Organization\",\"@id\":\"https:\/\/vidbertus.com\/ca\/#organization\",\"name\":\"VidBertus\",\"url\":\"https:\/\/vidbertus.com\/ca\/\",\"logo\":{\"@type\":\"ImageObject\",\"inLanguage\":\"ca\",\"@id\":\"https:\/\/vidbertus.com\/ca\/#\/schema\/logo\/image\/\",\"url\":\"https:\/\/vidbertus.com\/wp-content\/uploads\/2019\/12\/favicon-vidbertus-04.png\",\"contentUrl\":\"https:\/\/vidbertus.com\/wp-content\/uploads\/2019\/12\/favicon-vidbertus-04.png\",\"width\":512,\"height\":512,\"caption\":\"VidBertus\"},\"image\":{\"@id\":\"https:\/\/vidbertus.com\/ca\/#\/schema\/logo\/image\/\"}}]}<\/script>\n<!-- \/ Yoast SEO plugin. -->","yoast_head_json":{"title":"14 Hores - Celler VidBertus","description":"Vi 14 Hores . Descobreix aquest i d'altres vins d'autor del celler VidBertus. Vi catal\u00e0 amb DO Conca de Barber\u00e0.","robots":{"index":"index","follow":"follow","max-snippet":"max-snippet:-1","max-image-preview":"max-image-preview:large","max-video-preview":"max-video-preview:-1"},"canonical":"https:\/\/vidbertus.com\/ca\/producte\/vi-t-detrepat\/","og_locale":"ca_ES","og_type":"article","og_title":"14 Hores - Celler VidBertus","og_description":"Vi 14 Hores . Descobreix aquest i d'altres vins d'autor del celler VidBertus. Vi catal\u00e0 amb DO Conca de Barber\u00e0.","og_url":"https:\/\/vidbertus.com\/ca\/producte\/vi-t-detrepat\/","og_site_name":"Celler VidBertus","article_modified_time":"2025-03-03T15:28:10+00:00","og_image":[{"width":600,"height":900,"url":"https:\/\/vidbertus.com\/wp-content\/uploads\/2019\/04\/botella-14hores.jpg","type":"image\/jpeg"}],"twitter_card":"summary_large_image","twitter_misc":{"Temps estimat de lectura":"1 minut"},"schema":{"@context":"https:\/\/schema.org","@graph":[{"@type":"WebPage","@id":"https:\/\/vidbertus.com\/ca\/producte\/vi-t-detrepat\/","url":"https:\/\/vidbertus.com\/ca\/producte\/vi-t-detrepat\/","name":"14 Hores - Celler VidBertus","isPartOf":{"@id":"https:\/\/vidbertus.com\/ca\/#website"},"datePublished":"2019-04-05T06:27:00+00:00","dateModified":"2025-03-03T15:28:10+00:00","description":"Vi 14 Hores . Descobreix aquest i d'altres vins d'autor del celler VidBertus. Vi catal\u00e0 amb DO Conca de Barber\u00e0.","breadcrumb":{"@id":"https:\/\/vidbertus.com\/ca\/producte\/vi-t-detrepat\/#breadcrumb"},"inLanguage":"ca","potentialAction":[{"@type":"ReadAction","target":["https:\/\/vidbertus.com\/ca\/producte\/vi-t-detrepat\/"]}]},{"@type":"BreadcrumbList","@id":"https:\/\/vidbertus.com\/ca\/producte\/vi-t-detrepat\/#breadcrumb","itemListElement":[{"@type":"ListItem","position":1,"name":"Inici","item":"https:\/\/vidbertus.com\/ca\/"},{"@type":"ListItem","position":2,"name":"Botiga de vins","item":"https:\/\/vidbertus.com\/ca\/botiga\/"},{"@type":"ListItem","position":3,"name":"14 Hores"}]},{"@type":"WebSite","@id":"https:\/\/vidbertus.com\/ca\/#website","url":"https:\/\/vidbertus.com\/ca\/","name":"Celler VidBertus","description":"Trepat de la DO Conca de Barbera - Celler VidBertus","publisher":{"@id":"https:\/\/vidbertus.com\/ca\/#organization"},"potentialAction":[{"@type":"SearchAction","target":{"@type":"EntryPoint","urlTemplate":"https:\/\/vidbertus.com\/ca\/?s={search_term_string}"},"query-input":"required name=search_term_string"}],"inLanguage":"ca"},{"@type":"Organization","@id":"https:\/\/vidbertus.com\/ca\/#organization","name":"VidBertus","url":"https:\/\/vidbertus.com\/ca\/","logo":{"@type":"ImageObject","inLanguage":"ca","@id":"https:\/\/vidbertus.com\/ca\/#\/schema\/logo\/image\/","url":"https:\/\/vidbertus.com\/wp-content\/uploads\/2019\/12\/favicon-vidbertus-04.png","contentUrl":"https:\/\/vidbertus.com\/wp-content\/uploads\/2019\/12\/favicon-vidbertus-04.png","width":512,"height":512,"caption":"VidBertus"},"image":{"@id":"https:\/\/vidbertus.com\/ca\/#\/schema\/logo\/image\/"}}]}},"_links":{"self":[{"href":"https:\/\/vidbertus.com\/ca\/wp-json\/wp\/v2\/product\/268"}],"collection":[{"href":"https:\/\/vidbertus.com\/ca\/wp-json\/wp\/v2\/product"}],"about":[{"href":"https:\/\/vidbertus.com\/ca\/wp-json\/wp\/v2\/types\/product"}],"wp:featuredmedia":[{"embeddable":true,"href":"https:\/\/vidbertus.com\/ca\/wp-json\/wp\/v2\/media\/2057"}],"wp:attachment":[{"href":"https:\/\/vidbertus.com\/ca\/wp-json\/wp\/v2\/media?parent=268"}],"curies":[{"name":"wp","href":"https:\/\/api.w.org\/{rel}","templated":true}]}}