{"id":2,"date":"2016-05-10T03:48:21","date_gmt":"2016-05-10T03:48:21","guid":{"rendered":"https:\/\/mmkt.me\/vidbertus\/?page_id=2"},"modified":"2025-05-30T16:04:12","modified_gmt":"2025-05-30T14:04:12","slug":"inicio","status":"publish","type":"page","link":"https:\/\/vidbertus.com\/ca\/","title":{"rendered":"Inici"},"content":{"rendered":"<p>[vc_section][vc_row full_width=&#8221;stretch_row&#8221; content_text_aligment=&#8221;center&#8221; el_class=&#8221;only-mobile banner-home&#8221; css=&#8221;.vc_custom_1576497528660{background-image: url(https:\/\/vidbertus.com\/wp-content\/uploads\/2019\/07\/Portada.jpg?id=831) !important;}&#8221;][vc_column][vc_column_text el_class=&#8221;banner-home-h1&#8243;]<\/p>\n<h1>Gaudeix de moments<br \/>\napassionants<\/h1>\n<p>[\/vc_column_text][vc_single_image image=&#8221;115&#8243; img_size=&#8221;medium&#8221; alignment=&#8221;center&#8221;][\/vc_column][\/vc_row][\/vc_section][vc_section full_width=&#8221;stretch_row&#8221; css=&#8221;.vc_custom_1554882312470{padding-bottom: 25px !important;}&#8221;][vc_row][vc_column][vc_empty_space height=&#8221;50px&#8221;][\/vc_column][\/vc_row][vc_row][vc_column width=&#8221;1\/6&#8243;][\/vc_column][vc_column width=&#8221;5\/6&#8243;]<div class=\"mkdf-section-title-holder border-title mkdf-st-standard mkdf-st-title-left mkdf-st-normal-space \" >\n\t<div class=\"mkdf-st-inner\">\n\t\t\t\t\t\t\t<h2 class=\"mkdf-st-title\" >\n\t\t\t\tEl celler\t\t\t<\/h2>\n\t\t\t\t\t\t\t<h3 class=\"mkdf-st-text\" style=\"color: #353535\">\n\t\t\t\tEl Celler Vidbertus \u00e9s un projecte familiar d'elaboraci\u00f3 de vins de qualitat. Varietats aut\u00f2ctones i collita pr\u00f2pia amb DO Conca de Barber\u00e0.\t\t\t<\/h3>\n\t\t\t<\/div>\n<\/div><a itemprop=\"url\" href=\"https:\/\/masdelacreu.com\" target=\"_self\" style=\"color: #ffffff;background-color: #b5a46d;font-weight: 500;margin: 45px auto\" class=\"mkdf-btn mkdf-btn-small mkdf-btn-solid mkdf-btn-custom-hover-bg mkdf-btn-custom-hover-color\" data-hover-color=\"#b5a46d\" data-hover-bg-color=\"#353535\" >\n    <span class=\"mkdf-btn-text\">Vidbertus ara \u00e9s Celler Mas de la Creu<\/span>\n    <\/a>[\/vc_column][\/vc_row][\/vc_section][vc_section full_width=&#8221;stretch_row&#8221; css=&#8221;.vc_custom_1562240579637{margin-bottom: 25px !important;padding-bottom: 60px !important;background-image: url(https:\/\/vidbertus.com\/wp-content\/uploads\/2019\/04\/wine-club-img-1.jpg?id=326) !important;background-position: 0 0 !important;background-repeat: repeat !important;}&#8221;][vc_row][vc_column][vc_empty_space height=&#8221;30px&#8221;][\/vc_column][\/vc_row][vc_row el_class=&#8221;home-icons&#8221;][vc_column width=&#8221;1\/3&#8243;]<div class=\"mkdf-iwt clearfix info-empresarial mkdf-iwt-icon-top mkdf-iwt-icon-large \">\n\t<div class=\"mkdf-iwt-icon\">\n\t\t\t\t\t\t\t\t\t    <span class=\"mkdf-icon-shortcode mkdf-normal   mkdf-icon-large\"  data-color=\"#cab892\">\n                    <i class=\"mkdf-icon-ion-icon ion-location mkdf-icon-element\" style=\"color: #cab892\" ><\/i>            <\/span>\n\t\t\t\t\t\t<\/div>\n\t<div class=\"mkdf-iwt-content\" >\n\t\t\t\t\t<h4 class=\"mkdf-iwt-title\" >\n\t\t\t\t\t\t\t\t<span class=\"mkdf-iwt-title-text\">Geografia<\/span>\n\t\t\t\t\t\t\t<\/h4>\n\t\t\t\t\t\t\t<p class=\"mkdf-iwt-text\" >\n\t\t\t\tUbicat a la Conca de Barbera, a l\u2019extrem sud-oriental, comarca d\u2019interior del Camp de Tarragona la depressi\u00f3 central catalana rere la serra del prelitoral de Tarragona. L\u2019altitud de la finca \u00e9s per damunt dels 500 metres respecte el mar.\t\t\t<\/p>\n\t\t\t<\/div>\n<\/div>[\/vc_column][vc_column width=&#8221;1\/3&#8243;]<div class=\"mkdf-iwt clearfix info-empresarial mkdf-iwt-icon-top mkdf-iwt-icon-large \">\n\t<div class=\"mkdf-iwt-icon\">\n\t\t\t\t\t\t\t\t\t    <span class=\"mkdf-icon-shortcode mkdf-normal   mkdf-icon-large\"  data-color=\"#cab892\">\n                    <i class=\"mkdf-icon-ion-icon ion-ios-flower mkdf-icon-element\" style=\"color: #cab892\" ><\/i>            <\/span>\n\t\t\t\t\t\t<\/div>\n\t<div class=\"mkdf-iwt-content\" >\n\t\t\t\t\t<h6 class=\"mkdf-iwt-title\" >\n\t\t\t\t\t\t\t\t<span class=\"mkdf-iwt-title-text\">Clima<\/span>\n\t\t\t\t\t\t\t<\/h6>\n\t\t\t\t\t\t\t<p class=\"mkdf-iwt-text\" >\n\t\t\t\tClima Mediterrani continental sec amb fred intens a l'hivern i temperatures altes a l'estiu. \u00c9s molt notable l'alt contrast t\u00e8rmic, entre 15-20 \u00b0C de difer\u00e8ncia del mat\u00ed a la nit. La pluviositat mitja est\u00e0 al voltant de 300\/350 litres per metre quadrat.\t\t\t<\/p>\n\t\t\t<\/div>\n<\/div>[\/vc_column][vc_column width=&#8221;1\/3&#8243;]<div class=\"mkdf-iwt clearfix info-empresarial mkdf-iwt-icon-top mkdf-iwt-icon-large \">\n\t<div class=\"mkdf-iwt-icon\">\n\t\t\t\t\t\t\t\t\t<img decoding=\"async\" width=\"32\" height=\"54\" src=\"https:\/\/vidbertus.com\/wp-content\/uploads\/2019\/07\/icon_sunshine_54.png\" class=\"attachment-full size-full\" alt=\"vi catal\u00e0\" \/>\t\t\t\t\t\t<\/div>\n\t<div class=\"mkdf-iwt-content\" >\n\t\t\t\t\t<h6 class=\"mkdf-iwt-title\" >\n\t\t\t\t\t\t\t\t<span class=\"mkdf-iwt-title-text\">Sol<\/span>\n\t\t\t\t\t\t\t<\/h6>\n\t\t\t\t\t\t\t<p class=\"mkdf-iwt-text\" >\n\t\t\t\tEl s\u00f2l disposa d'una gran mineralitat provinent de les muntanyes de Prades i de la Serra del Tallat.\t\t\t<\/p>\n\t\t\t<\/div>\n<\/div>[\/vc_column][\/vc_row][vc_row][vc_column][vc_empty_space height=&#8221;50px&#8221;][\/vc_column][\/vc_row][vc_row el_class=&#8221;home-icons&#8221;][vc_column width=&#8221;1\/3&#8243;]<div class=\"mkdf-iwt clearfix info-empresarial mkdf-iwt-icon-top mkdf-iwt-icon-large \">\n\t<div class=\"mkdf-iwt-icon\">\n\t\t\t\t\t\t\t\t\t    <span class=\"mkdf-icon-shortcode mkdf-normal   mkdf-icon-large\"  data-color=\"#cab892\">\n                    <i class=\"mkdf-icon-ion-icon ion-ios-settings mkdf-icon-element\" style=\"color: #cab892\" ><\/i>            <\/span>\n\t\t\t\t\t\t<\/div>\n\t<div class=\"mkdf-iwt-content\" >\n\t\t\t\t\t<h6 class=\"mkdf-iwt-title\" >\n\t\t\t\t\t\t\t\t<span class=\"mkdf-iwt-title-text\">Varietats<\/span>\n\t\t\t\t\t\t\t<\/h6>\n\t\t\t\t\t\t\t<p class=\"mkdf-iwt-text\" >\n\t\t\t\tLa varietat per excel\u00b7l\u00e8ncia de la Conca \u00e9s el Trepat, que el podem vinificar com a blanc, rosat o negre. Tamb\u00e9 disposem de vinya de Garnatxa blanca i negra, molt pr\u00f2pies del territori. Al mateix temps tenim varietats com la Parellada i el Garrut o Monastrell. Totes elles ens permeten produir vins d\u2019autor amb DO Conca de Barber\u00e0 de gran qualitat.\t\t\t<\/p>\n\t\t\t<\/div>\n<\/div>[\/vc_column][vc_column width=&#8221;1\/3&#8243;]<div class=\"mkdf-iwt clearfix info-empresarial mkdf-iwt-icon-top mkdf-iwt-icon-large \">\n\t<div class=\"mkdf-iwt-icon\">\n\t\t\t\t\t\t\t\t\t    <span class=\"mkdf-icon-shortcode mkdf-normal   mkdf-icon-large\"  data-color=\"#cab892\">\n                    <i class=\"mkdf-icon-ion-icon ion-wineglass mkdf-icon-element\" style=\"color: #cab892\" ><\/i>            <\/span>\n\t\t\t\t\t\t<\/div>\n\t<div class=\"mkdf-iwt-content\" >\n\t\t\t\t\t<h6 class=\"mkdf-iwt-title\" >\n\t\t\t\t\t\t\t\t<span class=\"mkdf-iwt-title-text\">Gust<\/span>\n\t\t\t\t\t\t\t<\/h6>\n\t\t\t\t\t\t\t<p class=\"mkdf-iwt-text\" >\n\t\t\t\tEls nostres vins destaquen per ser molt arom\u00e0tics, propi de la fruita i per ser molt equilibrats en boca, amb l'acidesa justa i una textura amable, tamb\u00e9 per una sensaci\u00f3 global madura pr\u00f2pia del nostre clima.\t\t\t<\/p>\n\t\t\t<\/div>\n<\/div>[\/vc_column][vc_column width=&#8221;1\/3&#8243;]<div class=\"mkdf-iwt clearfix info-empresarial mkdf-iwt-icon-top mkdf-iwt-icon-medium \">\n\t<div class=\"mkdf-iwt-icon\">\n\t\t\t\t\t\t\t\t\t<img decoding=\"async\" width=\"50\" height=\"50\" src=\"https:\/\/vidbertus.com\/wp-content\/uploads\/2019\/04\/elaboracio_01.png\" class=\"attachment-full size-full\" alt=\"\" \/>\t\t\t\t\t\t<\/div>\n\t<div class=\"mkdf-iwt-content\" >\n\t\t\t\t\t<h6 class=\"mkdf-iwt-title\" >\n\t\t\t\t\t\t\t\t<span class=\"mkdf-iwt-title-text\">Elaboraci\u00f3<\/span>\n\t\t\t\t\t\t\t<\/h6>\n\t\t\t\t\t\t\t<p class=\"mkdf-iwt-text\" >\n\t\t\t\tL'elaboraci\u00f3 comen\u00e7a a la vinya amb un conreu ecol\u00f2gic i respectu\u00f3s amb el medi. La collita \u00e9s manual i al Celler el tracte \u00e9s molt suau per tal de preservar les caracter\u00edstiques del ra\u00efm. El treball es fa amb fermentaci\u00f3 controlada amb fred i una maceraci\u00f3 justa per obtenir l'harmonia que busquem. M\u00ednima intervenci\u00f3 possible en tots els nostres vins.\t\t\t<\/p>\n\t\t\t<\/div>\n<\/div>[\/vc_column][\/vc_row][\/vc_section][vc_section full_width=&#8221;stretch_row&#8221; css=&#8221;.vc_custom_1562240666571{margin-bottom: 35px !important;}&#8221;][vc_row][vc_column]<div class=\"mkdf-section-title-holder border-title mkdf-st-standard mkdf-st-title-left mkdf-st-normal-space \" style=\"text-align: center\">\n\t<div class=\"mkdf-st-inner\">\n\t\t\t\t\t\t\t<h2 class=\"mkdf-st-title\" >\n\t\t\t\tL'equip del Celler\t\t\t<\/h2>\n\t\t\t\t\t<\/div>\n<\/div>[\/vc_column][\/vc_row][vc_row][vc_column][vc_empty_space height=&#8221;60px&#8221;][\/vc_column][\/vc_row][vc_row][vc_column width=&#8221;1\/5&#8243;]<div class=\"mkdf-team-holder mkdf-team-info-below-image mkdf-rounded-style\">\n\t<div class=\"mkdf-team-inner\">\n\t\t\t\t\t<div class=\"mkdf-team-image\">\n                <img decoding=\"async\" width=\"196\" height=\"196\" src=\"https:\/\/vidbertus.com\/wp-content\/uploads\/2019\/07\/Marc_01-196.jpg\" class=\"attachment-full size-full\" alt=\"Marc Vidbertus\" srcset=\"https:\/\/vidbertus.com\/wp-content\/uploads\/2019\/07\/Marc_01-196.jpg 196w, https:\/\/vidbertus.com\/wp-content\/uploads\/2019\/07\/Marc_01-196-150x150.jpg 150w, https:\/\/vidbertus.com\/wp-content\/uploads\/2019\/07\/Marc_01-196-100x100.jpg 100w\" sizes=\"(max-width: 196px) 100vw, 196px\" \/>\t\t\t\t\t\t\t\t\t\t\t<\/div>\n\t\t\t\t<div class=\"mkdf-team-info\">\n\t\t\t\t\t\t\t<h3 class=\"mkdf-team-name\" style=\"color: #353535\">Marc Rosell<\/h3>\n\t\t\t\t\t\t\t\t\t\t<span class=\"mkdf-team-position\" style=\"color: #cab892\">Responsable de Producci\u00f3<\/span>\n\t\t\t\t\t\t\t\t<\/div>\n\t<\/div>\n<\/div>[\/vc_column][vc_column width=&#8221;1\/5&#8243;]<div class=\"mkdf-team-holder mkdf-team-info-below-image mkdf-rounded-style\">\n\t<div class=\"mkdf-team-inner\">\n\t\t\t\t\t<div class=\"mkdf-team-image\">\n                <img decoding=\"async\" width=\"196\" height=\"196\" src=\"https:\/\/vidbertus.com\/wp-content\/uploads\/2019\/07\/Marti_01-196.jpg\" class=\"attachment-full size-full\" alt=\"Marti Vidbertus\" srcset=\"https:\/\/vidbertus.com\/wp-content\/uploads\/2019\/07\/Marti_01-196.jpg 196w, https:\/\/vidbertus.com\/wp-content\/uploads\/2019\/07\/Marti_01-196-150x150.jpg 150w, https:\/\/vidbertus.com\/wp-content\/uploads\/2019\/07\/Marti_01-196-100x100.jpg 100w\" sizes=\"(max-width: 196px) 100vw, 196px\" \/>\t\t\t\t\t\t\t\t\t\t\t<\/div>\n\t\t\t\t<div class=\"mkdf-team-info\">\n\t\t\t\t\t\t\t<h3 class=\"mkdf-team-name\" style=\"color: #353535\">Mart\u00ed Magri\u00f1a<\/h3>\n\t\t\t\t\t\t\t\t\t\t<span class=\"mkdf-team-position\" style=\"color: #cab892\">En\u00f2leg<\/span>\n\t\t\t\t\t\t\t\t<\/div>\n\t<\/div>\n<\/div>[\/vc_column][vc_column width=&#8221;1\/5&#8243;]<div class=\"mkdf-team-holder mkdf-team-info-below-image mkdf-rounded-style\">\n\t<div class=\"mkdf-team-inner\">\n\t\t\t\t\t<div class=\"mkdf-team-image\">\n                <img decoding=\"async\" width=\"196\" height=\"196\" src=\"https:\/\/vidbertus.com\/wp-content\/uploads\/2019\/07\/David_01-196.jpg\" class=\"attachment-full size-full\" alt=\"David Vidbertus\" srcset=\"https:\/\/vidbertus.com\/wp-content\/uploads\/2019\/07\/David_01-196.jpg 196w, https:\/\/vidbertus.com\/wp-content\/uploads\/2019\/07\/David_01-196-150x150.jpg 150w, https:\/\/vidbertus.com\/wp-content\/uploads\/2019\/07\/David_01-196-100x100.jpg 100w\" sizes=\"(max-width: 196px) 100vw, 196px\" \/>\t\t\t\t\t\t\t\t\t\t\t<\/div>\n\t\t\t\t<div class=\"mkdf-team-info\">\n\t\t\t\t\t\t\t<h3 class=\"mkdf-team-name\" style=\"color: #353535\">David Rovira<\/h3>\n\t\t\t\t\t\t\t\t\t\t<span class=\"mkdf-team-position\" style=\"color: #cab892\">Fundador<\/span>\n\t\t\t\t\t\t\t\t<\/div>\n\t<\/div>\n<\/div>[\/vc_column][vc_column width=&#8221;1\/5&#8243;]<div class=\"mkdf-team-holder mkdf-team-info-below-image mkdf-rounded-style\">\n\t<div class=\"mkdf-team-inner\">\n\t\t\t\t\t<div class=\"mkdf-team-image\">\n                <img decoding=\"async\" width=\"196\" height=\"196\" src=\"https:\/\/vidbertus.com\/wp-content\/uploads\/2019\/07\/eduard-vidbertus-196.jpg\" class=\"attachment-full size-full\" alt=\"Eduard Vidbertus\" srcset=\"https:\/\/vidbertus.com\/wp-content\/uploads\/2019\/07\/eduard-vidbertus-196.jpg 196w, https:\/\/vidbertus.com\/wp-content\/uploads\/2019\/07\/eduard-vidbertus-196-150x150.jpg 150w, https:\/\/vidbertus.com\/wp-content\/uploads\/2019\/07\/eduard-vidbertus-196-100x100.jpg 100w\" sizes=\"(max-width: 196px) 100vw, 196px\" \/>\t\t\t\t\t\t\t\t\t\t\t<\/div>\n\t\t\t\t<div class=\"mkdf-team-info\">\n\t\t\t\t\t\t\t<h3 class=\"mkdf-team-name\" style=\"color: #353535\">Eduard Rovira<\/h3>\n\t\t\t\t\t\t\t\t\t\t<span class=\"mkdf-team-position\" style=\"color: #cab892\">Coo<\/span>\n\t\t\t\t\t\t\t\t<\/div>\n\t<\/div>\n<\/div>[\/vc_column][vc_column width=&#8221;1\/5&#8243;]<div class=\"mkdf-team-holder mkdf-team-info-below-image mkdf-rounded-style\">\n\t<div class=\"mkdf-team-inner\">\n\t\t\t\t\t<div class=\"mkdf-team-image\">\n                <img decoding=\"async\" width=\"196\" height=\"196\" src=\"https:\/\/vidbertus.com\/wp-content\/uploads\/2019\/07\/Albert_01-196.jpg\" class=\"attachment-full size-full\" alt=\"Albert Vidbertus\" srcset=\"https:\/\/vidbertus.com\/wp-content\/uploads\/2019\/07\/Albert_01-196.jpg 196w, https:\/\/vidbertus.com\/wp-content\/uploads\/2019\/07\/Albert_01-196-150x150.jpg 150w, https:\/\/vidbertus.com\/wp-content\/uploads\/2019\/07\/Albert_01-196-100x100.jpg 100w\" sizes=\"(max-width: 196px) 100vw, 196px\" \/>\t\t\t\t\t\t\t\t\t\t\t<\/div>\n\t\t\t\t<div class=\"mkdf-team-info\">\n\t\t\t\t\t\t\t<h3 class=\"mkdf-team-name\" style=\"color: #353535\">Albert Rovira<\/h3>\n\t\t\t\t\t\t\t\t\t\t<span class=\"mkdf-team-position\" style=\"color: #cab892\">Ceo<\/span>\n\t\t\t\t\t\t\t\t<\/div>\n\t<\/div>\n<\/div>[\/vc_column][\/vc_row][\/vc_section][vc_row full_width=&#8221;stretch_row_content_no_spaces&#8221; css=&#8221;.vc_custom_1554803920807{margin-top: 50px !important;margin-bottom: 15px !important;}&#8221;][vc_column width=&#8221;1\/6&#8243;][\/vc_column][vc_column width=&#8221;5\/6&#8243;][vc_single_image image=&#8221;146&#8243; img_size=&#8221;full&#8221; alignment=&#8221;right&#8221; css_animation=&#8221;fadeInRight&#8221;][\/vc_column][\/vc_row][vc_section content_placement=&#8221;middle&#8221; css=&#8221;.vc_custom_1562240631241{margin-top: 60px !important;margin-bottom: 50px !important;}&#8221; el_class=&#8221;fons-intercalat&#8221;][vc_row][vc_column]<div class=\"mkdf-section-title-holder border-title mkdf-st-standard mkdf-st-title-left mkdf-st-normal-space \" style=\"text-align: center\">\n\t<div class=\"mkdf-st-inner\">\n\t\t\t\t\t\t\t<h2 class=\"mkdf-st-title\" >\n\t\t\t\tEnoturisme\t\t\t<\/h2>\n\t\t\t\t\t<\/div>\n<\/div>[\/vc_column][\/vc_row][vc_row el_class=&#8221;row-enoturisme-home row-enoturisme&#8221;][vc_column][vc_empty_space height=&#8221;60px&#8221;]<div class=\"mkdf-pricing-tables mkdf-grid-list mkdf-disable-bottom-space clearfix mkdf-two-columns mkdf-normal-space\"><div class=\"mkdf-pt-wrapper mkdf-outer-space\"><div class=\"mkdf-price-table mkdf-item-space  \">\n\t<div class=\"mkdf-pt-inner\" >\n\t\t<ul>\n\t\t\t<li class=\"mkdf-pt-title-holder\" >\n\t\t\t\t<span class=\"mkdf-pt-title\" >Visita al Celler<\/span>\n\t\t\t<\/li>\n\t\t\t<li class=\"mkdf-pt-prices\">\n\t\t\t\t<sup class=\"mkdf-pt-value\" >\u20ac<\/sup>\n\t\t\t\t<span class=\"mkdf-pt-price\" >15<\/span>\n\t\t\t\t<p class=\"mkdf-pt-mark\" >monthly<\/p>\n\t\t\t<\/li>\n\t\t\t<li class=\"mkdf-pt-content\">\n\t\t\t\t\n<ul>\n<li>Visita Celler<\/li>\n<li>Tast de 3 vins<\/li>\n<li>M\u00ednim 2 persones<\/li>\n<li>Reserva amb 2 dies d&#8217;antelaci\u00f3<\/li>\n<\/ul>\n\t\t\t<\/li>\n\t\t\t\t\t\t\t<li class=\"mkdf-pt-button\">\n\t\t\t\t\t<a itemprop=\"url\" href=\"https:\/\/vidbertus.com\/ca\/producte\/visita-al-celler\/\" target=\"_self\"  class=\"mkdf-btn mkdf-btn-large mkdf-btn-solid\"  >    <span class=\"mkdf-btn-text\">Reserva<\/span>    <\/a>\t\t\t\t<\/li>\t\t\t\t\n\t\t\t\t\t<\/ul>\n\t<\/div>\n<\/div><div class=\"mkdf-price-table mkdf-item-space  \">\n\t<div class=\"mkdf-pt-inner\" >\n\t\t<ul>\n\t\t\t<li class=\"mkdf-pt-title-holder\" >\n\t\t\t\t<span class=\"mkdf-pt-title\" >Esmorzar Maridatge<\/span>\n\t\t\t<\/li>\n\t\t\t<li class=\"mkdf-pt-prices\">\n\t\t\t\t<sup class=\"mkdf-pt-value\" >\u20ac<\/sup>\n\t\t\t\t<span class=\"mkdf-pt-price\" >25<\/span>\n\t\t\t\t<p class=\"mkdf-pt-mark\" >monthly<\/p>\n\t\t\t<\/li>\n\t\t\t<li class=\"mkdf-pt-content\">\n\t\t\t\t\n<ul>\n<li>Esmorzar al Celler del 1890<\/li>\n<li>Cap de Setmana i festius de 11:00 a 13:00<\/li>\n<li>Cal Concertar disponibilitat<\/li>\n<li>M\u00ednim 4 persones<\/li>\n<\/ul>\n\t\t\t<\/li>\n\t\t\t\t\t\t\t<li class=\"mkdf-pt-button\">\n\t\t\t\t\t<a itemprop=\"url\" href=\"https:\/\/vidbertus.com\/ca\/producte\/esmorzar-maridatge\/\" target=\"_self\"  class=\"mkdf-btn mkdf-btn-large mkdf-btn-solid\"  >    <span class=\"mkdf-btn-text\">Reserva<\/span>    <\/a>\t\t\t\t<\/li>\t\t\t\t\n\t\t\t\t\t<\/ul>\n\t<\/div>\n<\/div><div class=\"mkdf-price-table mkdf-item-space  \">\n\t<div class=\"mkdf-pt-inner\" >\n\t\t<ul>\n\t\t\t<li class=\"mkdf-pt-title-holder\" >\n\t\t\t\t<span class=\"mkdf-pt-title\" >Visita les Vinyes<\/span>\n\t\t\t<\/li>\n\t\t\t<li class=\"mkdf-pt-prices\">\n\t\t\t\t<sup class=\"mkdf-pt-value\" >\u20ac<\/sup>\n\t\t\t\t<span class=\"mkdf-pt-price\" >50<\/span>\n\t\t\t\t<p class=\"mkdf-pt-mark\" >monthly<\/p>\n\t\t\t<\/li>\n\t\t\t<li class=\"mkdf-pt-content\">\n\t\t\t\t\n<ul>\n<li>Ruta amb 4&#215;4 per les vinyes<\/li>\n<li>Visita Celler i Tast de 4 vins<\/li>\n<li>M\u00ednim 2 persones<\/li>\n<li>Reserva amb 2 dies d&#8217;antelaci\u00f3<\/li>\n<\/ul>\n\t\t\t<\/li>\n\t\t\t\t\t\t\t<li class=\"mkdf-pt-button\">\n\t\t\t\t\t<a itemprop=\"url\" href=\"https:\/\/vidbertus.com\/ca\/producte\/visita-a-les-vinyes\/\" target=\"_self\"  class=\"mkdf-btn mkdf-btn-large mkdf-btn-solid\"  >    <span class=\"mkdf-btn-text\">Reserva<\/span>    <\/a>\t\t\t\t<\/li>\t\t\t\t\n\t\t\t\t\t<\/ul>\n\t<\/div>\n<\/div><\/div><\/div>[\/vc_column][\/vc_row][\/vc_section][vc_section full_width=&#8221;stretch_row_content&#8221; css=&#8221;.vc_custom_1555078602738{background-image: url(https:\/\/vidbertus.com\/wp-content\/uploads\/2019\/04\/wine-club-img-1.jpg?id=326) !important;background-position: center !important;background-repeat: no-repeat !important;background-size: cover !important;}&#8221;][vc_row full_width=&#8221;stretch_row_content_no_spaces&#8221; el_class=&#8221;imatge-fons-home&#8221; css=&#8221;.vc_custom_1554803962415{margin-bottom: 15px !important;}&#8221;][vc_column][vc_column_text css=&#8221;.vc_custom_1555061592596{padding-bottom: 35px !important;}&#8221;]<\/p>\n<h3 style=\"text-align: center;\">Segueix-nos a Instagram per saber totes les novetats<\/h3>\n<p>[\/vc_column_text][vc_single_image image=&#8221;421&#8243; img_size=&#8221;85&#215;85&#8243; alignment=&#8221;center&#8221;][vc_column_text el_class=&#8221;hashtag-vidbertus&#8221;]<\/p>\n<p style=\"text-align: center;\"><a href=\"https:\/\/www.instagram.com\/explore\/tags\/cellervidbertus\/\">#CELLERVIDBERTUS<\/a><\/p>\n<p>[\/vc_column_text][\/vc_column][\/vc_row][vc_row full_width=&#8221;stretch_row_content_no_spaces&#8221; el_class=&#8221;imatge-fons-home&#8221; css=&#8221;.vc_custom_1555323361515{padding-top: 35px !important;}&#8221;][vc_column][vc_column_text]<div class=\"elfsight-widget-instagram-feed elfsight-widget\" data-elfsight-instagram-feed-options=\"%7B%22source%22%3A%5B%22%40cellervidbertus%22%5D%2C%22filterOnly%22%3A%5B%5D%2C%22filterExcept%22%3A%5B%5D%2C%22limit%22%3A0%2C%22order%22%3A%22date%22%2C%22layout%22%3A%22slider%22%2C%22postTemplate%22%3A%22tile%22%2C%22columns%22%3A4%2C%22rows%22%3A1%2C%22gutter%22%3A3%2C%22responsive%22%3A%5B%7B%22minWidth%22%3A375%2C%22columns%22%3A1%2C%22rows%22%3A1%2C%22gutter%22%3A%220%22%7D%2C%7B%22minWidth%22%3A768%2C%22columns%22%3A3%2C%22rows%22%3A2%2C%22gutter%22%3A%220%22%7D%5D%2C%22width%22%3A%22auto%22%2C%22callToActionButtons%22%3A%5B%7B%22postUrl%22%3A%22https%3A%5C%2F%5C%2Fwww.instagram.com%5C%2Fp%5C%2FBmr7eH0nyxQ%5C%2F%22%2C%22buttonLabel%22%3A%22Install%20Instagram%20Feed%20now%22%2C%22buttonLink%22%3A%22https%3A%5C%2F%5C%2Felfsight.com%5C%2Finstagram-feed-instashow%5C%2F%22%7D%2C%7B%22postUrl%22%3A%22https%3A%5C%2F%5C%2Fwww.instagram.com%5C%2Fp%5C%2FBmgZy5FnnQB%5C%2F%22%2C%22buttonLabel%22%3A%22Install%20Instagram%20Feed%20now%22%2C%22buttonLink%22%3A%22https%3A%5C%2F%5C%2Felfsight.com%5C%2Finstagram-feed-instashow%5C%2F%22%7D%2C%7B%22postUrl%22%3A%22https%3A%5C%2F%5C%2Fwww.instagram.com%5C%2Fp%5C%2FBmbbCfBndRU%5C%2F%22%2C%22buttonLabel%22%3A%22Install%20Instagram%20Feed%20now%22%2C%22buttonLink%22%3A%22https%3A%5C%2F%5C%2Felfsight.com%5C%2Finstagram-feed-instashow%5C%2F%22%7D%5D%2C%22postElements%22%3A%5B%22user%22%2C%22date%22%2C%22instagramLink%22%2C%22likesCount%22%2C%22commentsCount%22%2C%22share%22%2C%22text%22%5D%2C%22popupElements%22%3A%5B%22user%22%2C%22location%22%2C%22followButton%22%2C%22instagramLink%22%2C%22likesCount%22%2C%22share%22%2C%22text%22%2C%22comments%22%2C%22date%22%5D%2C%22imageClickAction%22%3A%22popup%22%2C%22sliderArrows%22%3Atrue%2C%22sliderDrag%22%3Atrue%2C%22sliderSpeed%22%3A0.59999999999999998%2C%22sliderAutoplay%22%3A%22%22%2C%22colorScheme%22%3A%22default%22%2C%22colorPostOverlayBg%22%3A%22rgba%28202%2C%20184%2C%20146%2C%200.63%29%22%2C%22colorPostOverlayText%22%3A%22rgb%28255%2C%20255%2C%20255%29%22%2C%22colorPostBg%22%3A%22rgb%28255%2C%20255%2C%20255%29%22%2C%22colorPostText%22%3A%22rgb%280%2C%200%2C%200%29%22%2C%22colorPostLinks%22%3A%22rgb%280%2C%2053%2C%20105%29%22%2C%22colorSliderArrows%22%3A%22rgb%28202%2C%20184%2C%20146%29%22%2C%22colorSliderArrowsBg%22%3A%22rgba%280%2C%200%2C%200%2C%200.64%29%22%2C%22colorGridLoadMoreButton%22%3A%22rgb%2856%2C%20151%2C%20240%29%22%2C%22colorPopupOverlay%22%3A%22rgba%2843%2C%2043%2C%2043%2C%200.9%29%22%2C%22colorPopupBg%22%3A%22rgb%28255%2C%20255%2C%20255%29%22%2C%22colorPopupText%22%3A%22rgb%280%2C%200%2C%200%29%22%2C%22colorPopupLinks%22%3A%22rgb%280%2C%2053%2C%20105%29%22%2C%22colorPopupFollowButton%22%3A%22rgb%280%2C%2053%2C%20105%29%22%2C%22colorPopupCtaButton%22%3A%22rgb%2856%2C%20151%2C%20240%29%22%2C%22widgetTitle%22%3A%22%22%2C%22lang%22%3A%22es%22%2C%22cacheTime%22%3A300%2C%22apiUrl%22%3A%22https%3A%5C%2F%5C%2Fvidbertus.com%5C%2Fwp-admin%5C%2Fadmin-ajax.php%22%2C%22apiAction%22%3A%22elfsight_instagram_feed_api%22%7D\" data-elfsight-instagram-feed-version=\"3.7.1\"><\/div>[\/vc_column_text][\/vc_column][\/vc_row][\/vc_section][vc_section][vc_row content_text_aligment=&#8221;center&#8221;][vc_column]<div class=\"mkdf-section-title-holder border-title mkdf-st-standard mkdf-st-title-left mkdf-st-normal-space \" style=\"text-align: center\">\n\t<div class=\"mkdf-st-inner\">\n\t\t\t\t\t\t\t<h2 class=\"mkdf-st-title\" >\n\t\t\t\tEls nostres Vins\t\t\t<\/h2>\n\t\t\t\t\t<\/div>\n<\/div>[vc_empty_space height=&#8221;65px&#8221;]<div class=\"mkdf-pl-holder mkdf-grid-list mkdf-disable-bottom-space mkdf-standard-layout mkdf-four-columns mkdf-no-space mkdf-predefined \"  data-type=standard data-info-position=predefined data-number-of-posts=4 data-number-of-columns=four data-space-between-items=no data-orderby=date data-order=ASC data-show-category-filter=no data-show-all-item-in-filter=yes data-taxonomy-to-display=category data-taxonomy-values=botellesdevi data-image-size=full data-display-title=yes data-title-tag=h3 data-display-category=yes data-display-excerpt=yes data-excerpt-length=100 data-display-rating=no data-display-price=no data-display-button=yes data-button-skin=default data-class-name=pli data-max-num-pages=3 data-next-page=2>\n\t\t\t<div class=\"mkdf-prl-loading\">\n\t\t<span class=\"mkdf-prl-loading-msg\">Loading...<\/span>\n\t<\/div>\n\t<div class=\"mkdf-pl-outer mkdf-outer-space\">\n\t\t<div class=\"mkdf-pli mkdf-item-space \">\n\t<div class=\"mkdf-pli-inner\">\n\t\t<div class=\"mkdf-pli-image\">\n\t\t\t\n<img decoding=\"async\" width=\"374\" height=\"666\" src=\"https:\/\/vidbertus.com\/wp-content\/uploads\/2019\/04\/ad294664-d163-4e77-ba60-5599a1eee28b-removebg-preview.jpg\" class=\"attachment-full size-full wp-post-image\" alt=\"996 vi d&#039;autor Vidbertus - negre de Garrut\" srcset=\"https:\/\/vidbertus.com\/wp-content\/uploads\/2019\/04\/ad294664-d163-4e77-ba60-5599a1eee28b-removebg-preview.jpg 374w, https:\/\/vidbertus.com\/wp-content\/uploads\/2019\/04\/ad294664-d163-4e77-ba60-5599a1eee28b-removebg-preview-168x300.jpg 168w, https:\/\/vidbertus.com\/wp-content\/uploads\/2019\/04\/ad294664-d163-4e77-ba60-5599a1eee28b-removebg-preview-300x534.jpg 300w\" sizes=\"(max-width: 374px) 100vw, 374px\" \/>\t\t\t<div class=\"mkdf-pli-text\" >\n\t\t\t\t<div class=\"mkdf-pli-text-outer\">\n\t\t\t\t\t<div class=\"mkdf-pli-text-inner\">\n\t\t\t\t\t\t\n\t\t\t\t\t\t\t\t<p class=\"mkdf-pli-category\"><a href=\"https:\/\/vidbertus.com\/ca\/categoria-producte\/botelles-de-vi\/\" rel=\"tag\">Botelles de vi<\/a><\/p>\n\t\t\t\t\t\t\t\n\t\t\t\t\t\t\t\n\t<p itemprop=\"description\" class=\"mkdf-pli-excerpt\">Capa intensa i profunda de vermell rob\u00ed amb algun record granat\u00f3s.<\/p>\n\t\t\t\t\t\t\n\t\t\t\t\t\t\t\n\t<div class=\"mkdf-pli-add-to-cart mkdf-default-skin\">\n\t\t<a rel=\"nofollow\" href=\"?add-to-cart=91\" data-quantity=\"1\" data-product_id=\"91\" data-product_sku=\"\" class=\"button add_to_cart_button ajax_add_to_cart mkdf-button\">Afegeix a la cistella<\/a>\t<\/div>\n\t\t\t\t\t<\/div>\n\t\t\t\t<\/div>\n\t\t\t\t<a class=\"mkdf-pli-link\" itemprop=\"url\" href=\"https:\/\/vidbertus.com\/ca\/producte\/vi-996\/\" title=\"996\"><\/a>\n\t\t\t<\/div>\n\t\t<\/div>\n\t\t<div class=\"mkdf-pli-info\">\n\t\t\t    <h3 itemprop=\"name\" class=\"entry-title mkdf-pli-title\" >\n\t\t<a itemprop=\"url\" href=\"https:\/\/vidbertus.com\/ca\/producte\/vi-996\/\">996<\/a>\n\t<\/h3>\n\t\t\t\n\t\t\t\t\t\t\n\t\t\t\t\t<\/div>\n\t<\/div>\n<\/div><div class=\"mkdf-pli mkdf-item-space \">\n\t<div class=\"mkdf-pli-inner\">\n\t\t<div class=\"mkdf-pli-image\">\n\t\t\t\n<img decoding=\"async\" width=\"600\" height=\"900\" src=\"https:\/\/vidbertus.com\/wp-content\/uploads\/2019\/04\/botella-negra-nit-1.jpg\" class=\"attachment-full size-full wp-post-image\" alt=\"\" srcset=\"https:\/\/vidbertus.com\/wp-content\/uploads\/2019\/04\/botella-negra-nit-1.jpg 600w, https:\/\/vidbertus.com\/wp-content\/uploads\/2019\/04\/botella-negra-nit-1-200x300.jpg 200w, https:\/\/vidbertus.com\/wp-content\/uploads\/2019\/04\/botella-negra-nit-1-300x450.jpg 300w\" sizes=\"(max-width: 600px) 100vw, 600px\" \/>\t\t\t<div class=\"mkdf-pli-text\" >\n\t\t\t\t<div class=\"mkdf-pli-text-outer\">\n\t\t\t\t\t<div class=\"mkdf-pli-text-inner\">\n\t\t\t\t\t\t\n\t\t\t\t\t\t\t\t<p class=\"mkdf-pli-category\"><a href=\"https:\/\/vidbertus.com\/ca\/categoria-producte\/botelles-de-vi\/\" rel=\"tag\">Botelles de vi<\/a><\/p>\n\t\t\t\t\t\t\t\n\t\t\t\t\t\t\t\n\t<p itemprop=\"description\" class=\"mkdf-pli-excerpt\">Color vermell intens de tonalitat rob\u00ed.<\/p>\n\t\t\t\t\t\t\n\t\t\t\t\t\t\t\n\t<div class=\"mkdf-pli-add-to-cart mkdf-default-skin\">\n\t\t<a rel=\"nofollow\" href=\"?add-to-cart=176\" data-quantity=\"1\" data-product_id=\"176\" data-product_sku=\"\" class=\"button add_to_cart_button ajax_add_to_cart mkdf-button\">Afegeix a la cistella<\/a>\t<\/div>\n\t\t\t\t\t<\/div>\n\t\t\t\t<\/div>\n\t\t\t\t<a class=\"mkdf-pli-link\" itemprop=\"url\" href=\"https:\/\/vidbertus.com\/ca\/producte\/vi-negra-nit\/\" title=\"Negra Nit\"><\/a>\n\t\t\t<\/div>\n\t\t<\/div>\n\t\t<div class=\"mkdf-pli-info\">\n\t\t\t    <h3 itemprop=\"name\" class=\"entry-title mkdf-pli-title\" >\n\t\t<a itemprop=\"url\" href=\"https:\/\/vidbertus.com\/ca\/producte\/vi-negra-nit\/\">Negra Nit<\/a>\n\t<\/h3>\n\t\t\t\n\t\t\t\t\t\t\n\t\t\t\t\t<\/div>\n\t<\/div>\n<\/div><div class=\"mkdf-pli mkdf-item-space \">\n\t<div class=\"mkdf-pli-inner\">\n\t\t<div class=\"mkdf-pli-image\">\n\t\t\t\n<img decoding=\"async\" width=\"600\" height=\"900\" src=\"https:\/\/vidbertus.com\/wp-content\/uploads\/2019\/04\/botella-menut.jpg\" class=\"attachment-full size-full wp-post-image\" alt=\"\" srcset=\"https:\/\/vidbertus.com\/wp-content\/uploads\/2019\/04\/botella-menut.jpg 600w, https:\/\/vidbertus.com\/wp-content\/uploads\/2019\/04\/botella-menut-200x300.jpg 200w, https:\/\/vidbertus.com\/wp-content\/uploads\/2019\/04\/botella-menut-300x450.jpg 300w\" sizes=\"(max-width: 600px) 100vw, 600px\" \/>\t\t\t<div class=\"mkdf-pli-text\" >\n\t\t\t\t<div class=\"mkdf-pli-text-outer\">\n\t\t\t\t\t<div class=\"mkdf-pli-text-inner\">\n\t\t\t\t\t\t\n\t\t\t\t\t\t\t\t<p class=\"mkdf-pli-category\"><a href=\"https:\/\/vidbertus.com\/ca\/categoria-producte\/botelles-de-vi\/\" rel=\"tag\">Botelles de vi<\/a><\/p>\n\t\t\t\t\t\t\t\n\t\t\t\t\t\t\t\n\t<p itemprop=\"description\" class=\"mkdf-pli-excerpt\">El vi \u00e9s d\u2019una gran intensitat colorant, amb capa profunda, de color vermell amb matisos rob\u00ed.<\/p>\n\t\t\t\t\t\t\n\t\t\t\t\t\t\t\n\t<div class=\"mkdf-pli-add-to-cart mkdf-default-skin\">\n\t\t<a rel=\"nofollow\" href=\"?add-to-cart=187\" data-quantity=\"1\" data-product_id=\"187\" data-product_sku=\"\" class=\"button add_to_cart_button ajax_add_to_cart mkdf-button\">Afegeix a la cistella<\/a>\t<\/div>\n\t\t\t\t\t<\/div>\n\t\t\t\t<\/div>\n\t\t\t\t<a class=\"mkdf-pli-link\" itemprop=\"url\" href=\"https:\/\/vidbertus.com\/ca\/producte\/vi-menut\/\" title=\"Menut\"><\/a>\n\t\t\t<\/div>\n\t\t<\/div>\n\t\t<div class=\"mkdf-pli-info\">\n\t\t\t    <h3 itemprop=\"name\" class=\"entry-title mkdf-pli-title\" >\n\t\t<a itemprop=\"url\" href=\"https:\/\/vidbertus.com\/ca\/producte\/vi-menut\/\">Menut<\/a>\n\t<\/h3>\n\t\t\t\n\t\t\t\t\t\t\n\t\t\t\t\t<\/div>\n\t<\/div>\n<\/div><div class=\"mkdf-pli mkdf-item-space \">\n\t<div class=\"mkdf-pli-inner\">\n\t\t<div class=\"mkdf-pli-image\">\n\t\t\t\n<img decoding=\"async\" width=\"600\" height=\"900\" src=\"https:\/\/vidbertus.com\/wp-content\/uploads\/2019\/04\/botella-cup3.jpg\" class=\"attachment-full size-full wp-post-image\" alt=\"\" srcset=\"https:\/\/vidbertus.com\/wp-content\/uploads\/2019\/04\/botella-cup3.jpg 600w, https:\/\/vidbertus.com\/wp-content\/uploads\/2019\/04\/botella-cup3-200x300.jpg 200w, https:\/\/vidbertus.com\/wp-content\/uploads\/2019\/04\/botella-cup3-300x450.jpg 300w\" sizes=\"(max-width: 600px) 100vw, 600px\" \/>\t\t\t<div class=\"mkdf-pli-text\" >\n\t\t\t\t<div class=\"mkdf-pli-text-outer\">\n\t\t\t\t\t<div class=\"mkdf-pli-text-inner\">\n\t\t\t\t\t\t\n\t\t\t\t\t\t\t\t<p class=\"mkdf-pli-category\"><a href=\"https:\/\/vidbertus.com\/ca\/categoria-producte\/botelles-de-vi\/\" rel=\"tag\">Botelles de vi<\/a><\/p>\n\t\t\t\t\t\t\t\n\t\t\t\t\t\t\t\n\t<p itemprop=\"description\" class=\"mkdf-pli-excerpt\">Capa mitjana d'un viu color violaci amb tonalitats granatoses.<\/p>\n\t\t\t\t\t\t\n\t\t\t\t\t\t\t\n\t<div class=\"mkdf-pli-add-to-cart mkdf-default-skin\">\n\t\t<a rel=\"nofollow\" href=\"?add-to-cart=256\" data-quantity=\"1\" data-product_id=\"256\" data-product_sku=\"\" class=\"button add_to_cart_button ajax_add_to_cart mkdf-button\">Afegeix a la cistella<\/a>\t<\/div>\n\t\t\t\t\t<\/div>\n\t\t\t\t<\/div>\n\t\t\t\t<a class=\"mkdf-pli-link\" itemprop=\"url\" href=\"https:\/\/vidbertus.com\/ca\/producte\/vi-vidbertus-cup3\/\" title=\"Cup3\"><\/a>\n\t\t\t<\/div>\n\t\t<\/div>\n\t\t<div class=\"mkdf-pli-info\">\n\t\t\t    <h3 itemprop=\"name\" class=\"entry-title mkdf-pli-title\" >\n\t\t<a itemprop=\"url\" href=\"https:\/\/vidbertus.com\/ca\/producte\/vi-vidbertus-cup3\/\">Cup3<\/a>\n\t<\/h3>\n\t\t\t\n\t\t\t\t\t\t\n\t\t\t\t\t<\/div>\n\t<\/div>\n<\/div>\t<\/div>\n<\/div><a itemprop=\"url\" href=\"https:\/\/vidbertus.com\/ca\/productes\/\" target=\"_self\" style=\"color: #ffffff;background-color: #b5a46d;font-weight: 500;margin: 45px auto\" class=\"mkdf-btn mkdf-btn-small mkdf-btn-solid mkdf-btn-custom-hover-bg mkdf-btn-custom-hover-color\" data-hover-color=\"#b5a46d\" data-hover-bg-color=\"#353535\" >\n    <span class=\"mkdf-btn-text\">Veure m\u00e9s productes<\/span>\n    <\/a>[\/vc_column][\/vc_row][\/vc_section]<\/p>\n","protected":false},"excerpt":{"rendered":"<p>[vc_section][vc_row full_width=&#8221;stretch_row&#8221; content_text_aligment=&#8221;center&#8221; el_class=&#8221;only-mobile banner-home&#8221; css=&#8221;.vc_custom_1576497528660{background-image: url(https:\/\/vidbertus.com\/wp-content\/uploads\/2019\/07\/Portada.jpg?id=831) !important;}&#8221;][vc_column][vc_column_text el_class=&#8221;banner-home-h1&#8243;] Gaudeix de moments apassionants [\/vc_column_text][vc_single_image image=&#8221;115&#8243; img_size=&#8221;medium&#8221; alignment=&#8221;center&#8221;][\/vc_column][\/vc_row][\/vc_section][vc_section full_width=&#8221;stretch_row&#8221; css=&#8221;.vc_custom_1554882312470{padding-bottom: 25px !important;}&#8221;][vc_row][vc_column][vc_empty_space height=&#8221;50px&#8221;][\/vc_column][\/vc_row][vc_row][vc_column width=&#8221;1\/6&#8243;][\/vc_column][vc_column width=&#8221;5\/6&#8243;][\/vc_column][\/vc_row][\/vc_section][vc_section full_width=&#8221;stretch_row&#8221; css=&#8221;.vc_custom_1562240579637{margin-bottom: 25px !important;padding-bottom: 60px !important;background-image: url(https:\/\/vidbertus.com\/wp-content\/uploads\/2019\/04\/wine-club-img-1.jpg?id=326) !important;background-position: 0 0 !important;background-repeat: repeat !important;}&#8221;][vc_row][vc_column][vc_empty_space height=&#8221;30px&#8221;][\/vc_column][\/vc_row][vc_row el_class=&#8221;home-icons&#8221;][vc_column width=&#8221;1\/3&#8243;][\/vc_column][vc_column [&hellip;]<\/p>\n","protected":false},"author":1,"featured_media":0,"parent":0,"menu_order":0,"comment_status":"closed","ping_status":"closed","template":"","meta":{"footnotes":""},"class_list":["post-2","page","type-page","status-publish","hentry"],"yoast_head":"<!-- This site is optimized with the Yoast SEO plugin v19.11 - https:\/\/yoast.com\/wordpress\/plugins\/seo\/ -->\n<title>Celler VidBertus , Vins de qualitat amb DO Conca de Barber\u00e0<\/title>\n<meta name=\"description\" content=\"El Celler Vidbertus \u00e9s un projecte familiar d&#039;elaboraci\u00f3 de vins de qualitat. Varietats aut\u00f2ctones i collita pr\u00f2pia amb DO Conca de Barber\u00e0\" \/>\n<meta name=\"robots\" content=\"index, follow, max-snippet:-1, max-image-preview:large, max-video-preview:-1\" \/>\n<link rel=\"canonical\" href=\"https:\/\/vidbertus.com\/ca\/\" \/>\n<meta property=\"og:locale\" content=\"ca_ES\" \/>\n<meta property=\"og:type\" content=\"article\" \/>\n<meta property=\"og:title\" content=\"Celler VidBertus , Vins de qualitat amb DO Conca de Barber\u00e0\" \/>\n<meta property=\"og:description\" content=\"El Celler Vidbertus \u00e9s un projecte familiar d&#039;elaboraci\u00f3 de vins de qualitat. Varietats aut\u00f2ctones i collita pr\u00f2pia amb DO Conca de Barber\u00e0\" \/>\n<meta property=\"og:url\" content=\"https:\/\/vidbertus.com\/ca\/\" \/>\n<meta property=\"og:site_name\" content=\"Celler VidBertus\" \/>\n<meta property=\"article:modified_time\" content=\"2025-05-30T14:04:12+00:00\" \/>\n<meta name=\"twitter:card\" content=\"summary_large_image\" \/>\n<meta name=\"twitter:label1\" content=\"Temps estimat de lectura\" \/>\n\t<meta name=\"twitter:data1\" content=\"4 minuts\" \/>\n<script type=\"application\/ld+json\" class=\"yoast-schema-graph\">{\"@context\":\"https:\/\/schema.org\",\"@graph\":[{\"@type\":\"WebPage\",\"@id\":\"https:\/\/vidbertus.com\/ca\/\",\"url\":\"https:\/\/vidbertus.com\/ca\/\",\"name\":\"Celler VidBertus , Vins de qualitat amb DO Conca de Barber\u00e0\",\"isPartOf\":{\"@id\":\"https:\/\/vidbertus.com\/ca\/#website\"},\"datePublished\":\"2016-05-10T03:48:21+00:00\",\"dateModified\":\"2025-05-30T14:04:12+00:00\",\"description\":\"El Celler Vidbertus \u00e9s un projecte familiar d'elaboraci\u00f3 de vins de qualitat. Varietats aut\u00f2ctones i collita pr\u00f2pia amb DO Conca de Barber\u00e0\",\"breadcrumb\":{\"@id\":\"https:\/\/vidbertus.com\/ca\/#breadcrumb\"},\"inLanguage\":\"ca\",\"potentialAction\":[{\"@type\":\"ReadAction\",\"target\":[\"https:\/\/vidbertus.com\/ca\/\"]}]},{\"@type\":\"BreadcrumbList\",\"@id\":\"https:\/\/vidbertus.com\/ca\/#breadcrumb\",\"itemListElement\":[{\"@type\":\"ListItem\",\"position\":1,\"name\":\"Inici\",\"item\":\"https:\/\/vidbertus.com\/ca\/\"},{\"@type\":\"ListItem\",\"position\":2,\"name\":\"Inici\"}]},{\"@type\":\"WebSite\",\"@id\":\"https:\/\/vidbertus.com\/ca\/#website\",\"url\":\"https:\/\/vidbertus.com\/ca\/\",\"name\":\"Celler VidBertus\",\"description\":\"Trepat de la DO Conca de Barbera - Celler VidBertus\",\"publisher\":{\"@id\":\"https:\/\/vidbertus.com\/ca\/#organization\"},\"potentialAction\":[{\"@type\":\"SearchAction\",\"target\":{\"@type\":\"EntryPoint\",\"urlTemplate\":\"https:\/\/vidbertus.com\/ca\/?s={search_term_string}\"},\"query-input\":\"required name=search_term_string\"}],\"inLanguage\":\"ca\"},{\"@type\":\"Organization\",\"@id\":\"https:\/\/vidbertus.com\/ca\/#organization\",\"name\":\"VidBertus\",\"url\":\"https:\/\/vidbertus.com\/ca\/\",\"logo\":{\"@type\":\"ImageObject\",\"inLanguage\":\"ca\",\"@id\":\"https:\/\/vidbertus.com\/ca\/#\/schema\/logo\/image\/\",\"url\":\"https:\/\/vidbertus.com\/wp-content\/uploads\/2019\/12\/favicon-vidbertus-04.png\",\"contentUrl\":\"https:\/\/vidbertus.com\/wp-content\/uploads\/2019\/12\/favicon-vidbertus-04.png\",\"width\":512,\"height\":512,\"caption\":\"VidBertus\"},\"image\":{\"@id\":\"https:\/\/vidbertus.com\/ca\/#\/schema\/logo\/image\/\"}}]}<\/script>\n<!-- \/ Yoast SEO plugin. -->","yoast_head_json":{"title":"Celler VidBertus , Vins de qualitat amb DO Conca de Barber\u00e0","description":"El Celler Vidbertus \u00e9s un projecte familiar d'elaboraci\u00f3 de vins de qualitat. Varietats aut\u00f2ctones i collita pr\u00f2pia amb DO Conca de Barber\u00e0","robots":{"index":"index","follow":"follow","max-snippet":"max-snippet:-1","max-image-preview":"max-image-preview:large","max-video-preview":"max-video-preview:-1"},"canonical":"https:\/\/vidbertus.com\/ca\/","og_locale":"ca_ES","og_type":"article","og_title":"Celler VidBertus , Vins de qualitat amb DO Conca de Barber\u00e0","og_description":"El Celler Vidbertus \u00e9s un projecte familiar d'elaboraci\u00f3 de vins de qualitat. Varietats aut\u00f2ctones i collita pr\u00f2pia amb DO Conca de Barber\u00e0","og_url":"https:\/\/vidbertus.com\/ca\/","og_site_name":"Celler VidBertus","article_modified_time":"2025-05-30T14:04:12+00:00","twitter_card":"summary_large_image","twitter_misc":{"Temps estimat de lectura":"4 minuts"},"schema":{"@context":"https:\/\/schema.org","@graph":[{"@type":"WebPage","@id":"https:\/\/vidbertus.com\/ca\/","url":"https:\/\/vidbertus.com\/ca\/","name":"Celler VidBertus , Vins de qualitat amb DO Conca de Barber\u00e0","isPartOf":{"@id":"https:\/\/vidbertus.com\/ca\/#website"},"datePublished":"2016-05-10T03:48:21+00:00","dateModified":"2025-05-30T14:04:12+00:00","description":"El Celler Vidbertus \u00e9s un projecte familiar d'elaboraci\u00f3 de vins de qualitat. Varietats aut\u00f2ctones i collita pr\u00f2pia amb DO Conca de Barber\u00e0","breadcrumb":{"@id":"https:\/\/vidbertus.com\/ca\/#breadcrumb"},"inLanguage":"ca","potentialAction":[{"@type":"ReadAction","target":["https:\/\/vidbertus.com\/ca\/"]}]},{"@type":"BreadcrumbList","@id":"https:\/\/vidbertus.com\/ca\/#breadcrumb","itemListElement":[{"@type":"ListItem","position":1,"name":"Inici","item":"https:\/\/vidbertus.com\/ca\/"},{"@type":"ListItem","position":2,"name":"Inici"}]},{"@type":"WebSite","@id":"https:\/\/vidbertus.com\/ca\/#website","url":"https:\/\/vidbertus.com\/ca\/","name":"Celler VidBertus","description":"Trepat de la DO Conca de Barbera - Celler VidBertus","publisher":{"@id":"https:\/\/vidbertus.com\/ca\/#organization"},"potentialAction":[{"@type":"SearchAction","target":{"@type":"EntryPoint","urlTemplate":"https:\/\/vidbertus.com\/ca\/?s={search_term_string}"},"query-input":"required name=search_term_string"}],"inLanguage":"ca"},{"@type":"Organization","@id":"https:\/\/vidbertus.com\/ca\/#organization","name":"VidBertus","url":"https:\/\/vidbertus.com\/ca\/","logo":{"@type":"ImageObject","inLanguage":"ca","@id":"https:\/\/vidbertus.com\/ca\/#\/schema\/logo\/image\/","url":"https:\/\/vidbertus.com\/wp-content\/uploads\/2019\/12\/favicon-vidbertus-04.png","contentUrl":"https:\/\/vidbertus.com\/wp-content\/uploads\/2019\/12\/favicon-vidbertus-04.png","width":512,"height":512,"caption":"VidBertus"},"image":{"@id":"https:\/\/vidbertus.com\/ca\/#\/schema\/logo\/image\/"}}]}},"_links":{"self":[{"href":"https:\/\/vidbertus.com\/ca\/wp-json\/wp\/v2\/pages\/2"}],"collection":[{"href":"https:\/\/vidbertus.com\/ca\/wp-json\/wp\/v2\/pages"}],"about":[{"href":"https:\/\/vidbertus.com\/ca\/wp-json\/wp\/v2\/types\/page"}],"author":[{"embeddable":true,"href":"https:\/\/vidbertus.com\/ca\/wp-json\/wp\/v2\/users\/1"}],"replies":[{"embeddable":true,"href":"https:\/\/vidbertus.com\/ca\/wp-json\/wp\/v2\/comments?post=2"}],"version-history":[{"count":19,"href":"https:\/\/vidbertus.com\/ca\/wp-json\/wp\/v2\/pages\/2\/revisions"}],"predecessor-version":[{"id":2091,"href":"https:\/\/vidbertus.com\/ca\/wp-json\/wp\/v2\/pages\/2\/revisions\/2091"}],"wp:attachment":[{"href":"https:\/\/vidbertus.com\/ca\/wp-json\/wp\/v2\/media?parent=2"}],"curies":[{"name":"wp","href":"https:\/\/api.w.org\/{rel}","templated":true}]}}