{"id":102,"date":"2019-04-02T09:34:52","date_gmt":"2019-04-02T09:34:52","guid":{"rendered":"https:\/\/mmkt.me\/vidbertus\/?page_id=102"},"modified":"2019-12-18T12:18:00","modified_gmt":"2019-12-18T12:18:00","slug":"celler-vi-catala-do-conca-barbera","status":"publish","type":"page","link":"https:\/\/vidbertus.com\/ca\/celler-vi-catala-do-conca-barbera\/","title":{"rendered":"El Celler"},"content":{"rendered":"<p>[vc_section][vc_row][vc_column][vc_column_text]No \u00e9s casualitat que la hist\u00f2ria de Vidbertus comenci com una recepta. El meu avi va deixar les vinyes a causa d&#8217;una malaltia que l&#8217;impedia treballar la terra. Aix\u00f2 va fer que es dediqu\u00e9s a la seva altra passi\u00f3, la farm\u00e0cia. Per\u00f2, en realitat, mai va abandonar del tot la terra, el vi estava present en algunes de les seves receptes, gaireb\u00e9 com un element m\u00e0gic.<br \/>\nEl meu pare, i jo l&#8217;Albert, en passar els anys, concretament al 2005, vam tornar als nostres or\u00edgens. Envoltats de muntanyes, monestir i freds hiverns de la Conca de Barber\u00e0, vam comen\u00e7ar a elaborar vi catal\u00e0.<\/p>\n<p>Des de llavors, la sensibilitat, la delicadesa i el rigor s\u00f3n ingredients indispensables que vam heretar del meu avi. Per aix\u00f2 no \u00e9s una casualitat que en cada ampolla de Vidbertus puguis trobar la personalitat de cada ra\u00efm i l&#8217;\u00e0nima de la seva terra.<\/p>\n<p>Perqu\u00e8, si ho penses, les grans hist\u00f2ries s&#8217;han de viure des de l&#8217;origen, no et sembla?[\/vc_column_text][vc_empty_space height=&#8221;85px&#8221;][\/vc_column][\/vc_row][vc_row full_width=&#8221;stretch_row_content_no_spaces&#8221;][vc_column]<div class=\"mkdf-image-gallery  mkdf-ig-slider-type mkdf-three-columns mkdf-normal-space    \">\n\t<div class=\"mkdf-ig-slider mkdf-owl-slider\" data-number-of-items=\"1\" data-enable-loop=\"yes\" data-enable-autoplay=\"yes\" data-slider-speed=\"5000\" data-slider-speed-animation=\"600\" data-slider-padding=\"no\" data-enable-navigation=\"yes\" data-enable-pagination=\"yes\">\n\t\t\t\t\t<div class=\"mkdf-ig-image\">\n\t\t\t\t\t\t\t\t\t<img decoding=\"async\" width=\"1200\" height=\"550\" src=\"https:\/\/vidbertus.com\/wp-content\/uploads\/2019\/07\/1.jpg\" class=\"attachment-full size-full\" alt=\"enoturisme catalunya\" srcset=\"https:\/\/vidbertus.com\/wp-content\/uploads\/2019\/07\/1.jpg 1200w, https:\/\/vidbertus.com\/wp-content\/uploads\/2019\/07\/1-300x138.jpg 300w, https:\/\/vidbertus.com\/wp-content\/uploads\/2019\/07\/1-768x352.jpg 768w, https:\/\/vidbertus.com\/wp-content\/uploads\/2019\/07\/1-1024x469.jpg 1024w, https:\/\/vidbertus.com\/wp-content\/uploads\/2019\/07\/1-600x275.jpg 600w\" sizes=\"(max-width: 1200px) 100vw, 1200px\" \/>\t\t\t\t\t\t\t<\/div>\n\t\t\t\t\t<div class=\"mkdf-ig-image\">\n\t\t\t\t\t\t\t\t\t<img decoding=\"async\" width=\"1200\" height=\"550\" src=\"https:\/\/vidbertus.com\/wp-content\/uploads\/2019\/07\/2.jpg\" class=\"attachment-full size-full\" alt=\"vins d&#039;autor\" srcset=\"https:\/\/vidbertus.com\/wp-content\/uploads\/2019\/07\/2.jpg 1200w, https:\/\/vidbertus.com\/wp-content\/uploads\/2019\/07\/2-300x138.jpg 300w, https:\/\/vidbertus.com\/wp-content\/uploads\/2019\/07\/2-768x352.jpg 768w, https:\/\/vidbertus.com\/wp-content\/uploads\/2019\/07\/2-1024x469.jpg 1024w, https:\/\/vidbertus.com\/wp-content\/uploads\/2019\/07\/2-600x275.jpg 600w\" sizes=\"(max-width: 1200px) 100vw, 1200px\" \/>\t\t\t\t\t\t\t<\/div>\n\t\t\t\t\t<div class=\"mkdf-ig-image\">\n\t\t\t\t\t\t\t\t\t<img decoding=\"async\" width=\"1200\" height=\"550\" src=\"https:\/\/vidbertus.com\/wp-content\/uploads\/2019\/07\/3.jpg\" class=\"attachment-full size-full\" alt=\"Celler\" srcset=\"https:\/\/vidbertus.com\/wp-content\/uploads\/2019\/07\/3.jpg 1200w, https:\/\/vidbertus.com\/wp-content\/uploads\/2019\/07\/3-300x138.jpg 300w, https:\/\/vidbertus.com\/wp-content\/uploads\/2019\/07\/3-768x352.jpg 768w, https:\/\/vidbertus.com\/wp-content\/uploads\/2019\/07\/3-1024x469.jpg 1024w, https:\/\/vidbertus.com\/wp-content\/uploads\/2019\/07\/3-600x275.jpg 600w\" sizes=\"(max-width: 1200px) 100vw, 1200px\" \/>\t\t\t\t\t\t\t<\/div>\n\t\t\t\t\t<div class=\"mkdf-ig-image\">\n\t\t\t\t\t\t\t\t\t<img decoding=\"async\" width=\"1200\" height=\"550\" src=\"https:\/\/vidbertus.com\/wp-content\/uploads\/2019\/07\/4.jpg\" class=\"attachment-full size-full\" alt=\"catalan winery\" srcset=\"https:\/\/vidbertus.com\/wp-content\/uploads\/2019\/07\/4.jpg 1200w, https:\/\/vidbertus.com\/wp-content\/uploads\/2019\/07\/4-300x138.jpg 300w, https:\/\/vidbertus.com\/wp-content\/uploads\/2019\/07\/4-768x352.jpg 768w, https:\/\/vidbertus.com\/wp-content\/uploads\/2019\/07\/4-1024x469.jpg 1024w, https:\/\/vidbertus.com\/wp-content\/uploads\/2019\/07\/4-600x275.jpg 600w\" sizes=\"(max-width: 1200px) 100vw, 1200px\" \/>\t\t\t\t\t\t\t<\/div>\n\t\t\t<\/div>\n<\/div>[vc_empty_space height=&#8221;70px&#8221;][\/vc_column][\/vc_row][vc_row el_class=&#8221;fila-raim&#8221; css=&#8221;.vc_custom_1562065325368{margin-bottom: 25px !important;}&#8221;][vc_column][vc_column_text el_class=&#8221;info-map&#8221;]&#8221;El Celler Vidbertus, ubicat a l&#8217;Espluga de Francol\u00ed. Disposa d&#8217;un celler del 1890 i participa en el projecte del Viver de Celleristes de la Conca de Barber\u00e0, on elaborem els nostres vins.<\/p>\n<p>Any rere any ens esforcem per elaborar uns productes DO Conca de Barber\u00e0 d&#8217;alta qualitat i singularitat, de manera que els nostres clients se sentin atrets pels nostres productes. &#8220;[\/vc_column_text][\/vc_column][\/vc_row][\/vc_section][vc_section full_width=&#8221;stretch_row&#8221; el_class=&#8221;seccio-timeline-celler&#8221; css=&#8221;.vc_custom_1560340190281{background-color: #f6f4ed !important;}&#8221;][vc_row][vc_column]<div class=\"mkdf-section-title-holder border-title border-title-black mkdf-st-standard mkdf-st-title-left mkdf-st-normal-space \" style=\"text-align: center\">\n\t<div class=\"mkdf-st-inner\">\n\t\t\t\t\t\t\t<h2 class=\"mkdf-st-title\" >\n\t\t\t\tHist\u00f2ria\t\t\t<\/h2>\n\t\t\t\t\t<\/div>\n<\/div>[vc_empty_space height=&#8221;50px&#8221;][vc_column_text]    \t<div class=\"wpex-timeline-list center-tl  no-more no-end show-classic\" id=\"timeline-5250\" data-animations=\"\">\r\n        \t<div class=\"wpex-loading\">\r\n                <div class=\"wpex-spinner\">\r\n                    <div class=\"rect1\"><\/div>\r\n                    <div class=\"rect2\"><\/div>\r\n                    <div class=\"rect3\"><\/div>\r\n                    <div class=\"rect4\"><\/div>\r\n                    <div class=\"rect5\"><\/div>\r\n                <\/div>\r\n            <\/div>\r\n        \t        \t            <ul class=\"wpex wpex-timeline style-center\">\r\n                \r\n\t\t\t\t<li class=\"filter-5250_733  post-733 wp-timeline type-wp-timeline status-publish hentry wpex_category-historia wptl-customlink\" data-id=\"filter-5250_733\" >\r\n\t<div class=\"\">\r\n                <time class=\"wpex-timeline-time\" datetime=\"08:03 12\/06\/2019\">\r\n        \t                <a href=\"javascript:;\" title=\"Plantaci\u00f3\">\r\n                                    <\/a>\r\n                        <span class=\"exclearfix\"><\/span>\r\n            \r\n\t\t\t<span class=\"info-h\"><\/span>\r\n\t\t<span class=\"tll-date\">\r\n\t\t\t11\/03\/1998\r\n\t\t<\/span>        <\/time>\r\n        <div class=\"wpex-timeline-label\">\r\n                        <div class=\"timeline-details\">\r\n                                <div class=\"tlct-shortdes\">\r\n                    <h2 style=\" display:inline;\">\r\n                        <a href=\"javascript:;\" title=\"Plantaci\u00f3\">\r\n                            <span class=\"tlmobile-visible\">11\/03\/1998&nbsp;-&nbsp;<\/span>Plantaci\u00f3                        <\/a>\r\n                    <\/h2>\r\n                                        <p><p>Plantem la vinya a la partida al Mas de l&#8217;Hortensi &#8220;EL REGU\u00c9&#8221;, les varietats: Monastrell,Garnatxa negra, Merlot.<\/p>\n<\/p>\r\n                                    <\/div>\r\n            <\/div>\r\n            <div class=\"exclearfix\"><\/div>\r\n        <\/div>\r\n            <\/div>\r\n    <div class=\"wpex-timeline-icon\">\r\n    \t        <a href=\"javascript:;\" title=\"Plantaci\u00f3\"><i class=\"fa fa-square icon-img\"><\/i><\/a>\r\n    <\/div>\r\n    \t<style type=\"text\/css\">\r\n\t\t\t\t.wpex-timeline-list li.post-733 .wpex-timeline-icon .fa.icon-img:before{ background:url(https:\/\/vidbertus.com\/wp-content\/uploads\/2019\/06\/timeline_01.png); background-repeat: no-repeat; background-size: 100% auto; background-position: center;}\r\n\t\t    <\/style>\r\n            <\/li><li class=\"filter-5250_739  post-739 wp-timeline type-wp-timeline status-publish hentry wpex_category-historia\" data-id=\"filter-5250_739\" >\r\n\t<div class=\"\">\r\n                <time class=\"wpex-timeline-time\" datetime=\"08:20 12\/06\/2019\">\r\n        \t                <a href=\"javascript:;\" title=\"Adquisici\u00f3\">\r\n                                    <\/a>\r\n                        <span class=\"exclearfix\"><\/span>\r\n            \r\n\t\t\t<span class=\"info-h\"><\/span>\r\n\t\t<span class=\"tll-date\">\r\n\t\t\t25\/09\/2005\r\n\t\t<\/span>        <\/time>\r\n        <div class=\"wpex-timeline-label\">\r\n                        <div class=\"timeline-details\">\r\n                                <div class=\"tlct-shortdes\">\r\n                    <h2 style=\" display:inline;\">\r\n                        <a href=\"javascript:;\" title=\"Adquisici\u00f3\">\r\n                            <span class=\"tlmobile-visible\">25\/09\/2005&nbsp;-&nbsp;<\/span>Adquisici\u00f3                        <\/a>\r\n                    <\/h2>\r\n                                        <p><p>Adquisici\u00f3 de la vinya de 60 anys de Parellada a la partida del Pla de Cervera.<\/p>\n<\/p>\r\n                                    <\/div>\r\n            <\/div>\r\n            <div class=\"exclearfix\"><\/div>\r\n        <\/div>\r\n            <\/div>\r\n    <div class=\"wpex-timeline-icon\">\r\n    \t        <a href=\"javascript:;\" title=\"Adquisici\u00f3\"><i class=\"fa fa-square icon-img\"><\/i><\/a>\r\n    <\/div>\r\n    \t<style type=\"text\/css\">\r\n\t\t\t\t.wpex-timeline-list li.post-739 .wpex-timeline-icon .fa.icon-img:before{ background:url(https:\/\/vidbertus.com\/wp-content\/uploads\/2019\/06\/timeline_02.png); background-repeat: no-repeat; background-size: 100% auto; background-position: center;}\r\n\t\t    <\/style>\r\n            <\/li><li class=\"filter-5250_740  post-740 wp-timeline type-wp-timeline status-publish hentry wpex_category-historia\" data-id=\"filter-5250_740\" >\r\n\t<div class=\"\">\r\n                <time class=\"wpex-timeline-time\" datetime=\"08:21 12\/06\/2019\">\r\n        \t                <a href=\"javascript:;\" title=\"Inici del projecte\">\r\n                                    <\/a>\r\n                        <span class=\"exclearfix\"><\/span>\r\n            \r\n\t\t\t<span class=\"info-h\"><\/span>\r\n\t\t<span class=\"tll-date\">\r\n\t\t\t25\/06\/2009\r\n\t\t<\/span>        <\/time>\r\n        <div class=\"wpex-timeline-label\">\r\n                        <div class=\"timeline-details\">\r\n                                <div class=\"tlct-shortdes\">\r\n                    <h2 style=\" display:inline;\">\r\n                        <a href=\"javascript:;\" title=\"Inici del projecte\">\r\n                            <span class=\"tlmobile-visible\">25\/06\/2009&nbsp;-&nbsp;<\/span>Inici del projecte                        <\/a>\r\n                    <\/h2>\r\n                                        <p><p>Inici del projecte amb col\u00b7laboraci\u00f3 dels en\u00f2legs Fernando Zamora, Marta Conde amb l&#8217;ajuda de Ricard Sebasti\u00e0 (Mas Foraster) i del Joan Ramon Morgades (Cooperativa de l\u2019Espluga).<br \/>\nAl mateix any el pag\u00e8s i ve\u00ed Salvador &#8220;de Riudabella&#8221; ens permet elaborar vi catal\u00e0 amb DO Conca de Barber\u00e0 de la seva vinya de Garrut, varietat prefilox\u00e9rica de la qual ens fem plante i l&#8217;adquirim a la finca del Mas de l&#8217;Hortensi, del que sortir\u00e0 el vi 996.<br \/>\nIncorporaci\u00f3 al projecte l&#8217;en\u00f2leg Mart\u00ed Magri\u00f1\u00e1.<\/p>\n<\/p>\r\n                                    <\/div>\r\n            <\/div>\r\n            <div class=\"exclearfix\"><\/div>\r\n        <\/div>\r\n            <\/div>\r\n    <div class=\"wpex-timeline-icon\">\r\n    \t        <a href=\"javascript:;\" title=\"Inici del projecte\"><i class=\"fa fa-square icon-img\"><\/i><\/a>\r\n    <\/div>\r\n    \t<style type=\"text\/css\">\r\n\t\t\t\t.wpex-timeline-list li.post-740 .wpex-timeline-icon .fa.icon-img:before{ background:url(https:\/\/vidbertus.com\/wp-content\/uploads\/2019\/06\/timeline_06.png); background-repeat: no-repeat; background-size: 100% auto; background-position: center;}\r\n\t\t    <\/style>\r\n            <\/li><li class=\"filter-5250_857  post-857 wp-timeline type-wp-timeline status-publish hentry wpex_category-historia\" data-id=\"filter-5250_857\" >\r\n\t<div class=\"\">\r\n                <time class=\"wpex-timeline-time\" datetime=\"08:22 12\/06\/2019\">\r\n        \t                <a href=\"javascript:;\" title=\"Neix el Vi blanc\">\r\n                                    <\/a>\r\n                        <span class=\"exclearfix\"><\/span>\r\n            \r\n\t\t\t<span class=\"info-h\"><\/span>\r\n\t\t<span class=\"tll-date\">\r\n\t\t\t15\/10\/2010\r\n\t\t<\/span>        <\/time>\r\n        <div class=\"wpex-timeline-label\">\r\n                        <div class=\"timeline-details\">\r\n                                <div class=\"tlct-shortdes\">\r\n                    <h2 style=\" display:inline;\">\r\n                        <a href=\"javascript:;\" title=\"Neix el Vi blanc\">\r\n                            <span class=\"tlmobile-visible\">15\/10\/2010&nbsp;-&nbsp;<\/span>Neix el Vi blanc                        <\/a>\r\n                    <\/h2>\r\n                                        <p><p>Neix el vi blanc, de varietat parellada 100% el Ud2.<\/p>\n<\/p>\r\n                                    <\/div>\r\n            <\/div>\r\n            <div class=\"exclearfix\"><\/div>\r\n        <\/div>\r\n            <\/div>\r\n    <div class=\"wpex-timeline-icon\">\r\n    \t        <a href=\"javascript:;\" title=\"Neix el Vi blanc\"><i class=\"fa fa-square icon-img\"><\/i><\/a>\r\n    <\/div>\r\n    \t<style type=\"text\/css\">\r\n\t\t\t\t.wpex-timeline-list li.post-857 .wpex-timeline-icon .fa.icon-img:before{ background:url(https:\/\/vidbertus.com\/wp-content\/uploads\/2019\/07\/white-wine.png); background-repeat: no-repeat; background-size: 100% auto; background-position: center;}\r\n\t\t    <\/style>\r\n            <\/li><li class=\"filter-5250_742  post-742 wp-timeline type-wp-timeline status-publish hentry wpex_category-historia\" data-id=\"filter-5250_742\" >\r\n\t<div class=\"\">\r\n                <time class=\"wpex-timeline-time\" datetime=\"08:23 12\/06\/2019\">\r\n        \t                <a href=\"javascript:;\" title=\"Vi Trepat\">\r\n                                    <\/a>\r\n                        <span class=\"exclearfix\"><\/span>\r\n            \r\n\t\t\t<span class=\"info-h\"><\/span>\r\n\t\t<span class=\"tll-date\">\r\n\t\t\t30\/09\/2011\r\n\t\t<\/span>        <\/time>\r\n        <div class=\"wpex-timeline-label\">\r\n                        <div class=\"timeline-details\">\r\n                                <div class=\"tlct-shortdes\">\r\n                    <h2 style=\" display:inline;\">\r\n                        <a href=\"javascript:;\" title=\"Vi Trepat\">\r\n                            <span class=\"tlmobile-visible\">30\/09\/2011&nbsp;-&nbsp;<\/span>Vi Trepat                        <\/a>\r\n                    <\/h2>\r\n                                        <p><p>Neix el vi T de Trepat rosat i comencem a pensar el futur Negre crian\u00e7a.<\/p>\n<\/p>\r\n                                    <\/div>\r\n            <\/div>\r\n            <div class=\"exclearfix\"><\/div>\r\n        <\/div>\r\n            <\/div>\r\n    <div class=\"wpex-timeline-icon\">\r\n    \t        <a href=\"javascript:;\" title=\"Vi Trepat\"><i class=\"fa fa-square icon-img\"><\/i><\/a>\r\n    <\/div>\r\n    \t<style type=\"text\/css\">\r\n\t\t\t\t.wpex-timeline-list li.post-742 .wpex-timeline-icon .fa.icon-img:before{ background:url(https:\/\/vidbertus.com\/wp-content\/uploads\/2019\/06\/timeline_07.png); background-repeat: no-repeat; background-size: 100% auto; background-position: center;}\r\n\t\t    <\/style>\r\n            <\/li><li class=\"filter-5250_743  post-743 wp-timeline type-wp-timeline status-publish hentry wpex_category-historia\" data-id=\"filter-5250_743\" >\r\n\t<div class=\"\">\r\n                <time class=\"wpex-timeline-time\" datetime=\"08:23 12\/06\/2019\">\r\n        \t                <a href=\"javascript:;\" title=\"Llen\u00e7ament\">\r\n                                    <\/a>\r\n                        <span class=\"exclearfix\"><\/span>\r\n            \r\n\t\t\t<span class=\"info-h\"><\/span>\r\n\t\t<span class=\"tll-date\">\r\n\t\t\t15\/10\/2013\r\n\t\t<\/span>        <\/time>\r\n        <div class=\"wpex-timeline-label\">\r\n                        <div class=\"timeline-details\">\r\n                                <div class=\"tlct-shortdes\">\r\n                    <h2 style=\" display:inline;\">\r\n                        <a href=\"javascript:;\" title=\"Llen\u00e7ament\">\r\n                            <span class=\"tlmobile-visible\">15\/10\/2013&nbsp;-&nbsp;<\/span>Llen\u00e7ament                        <\/a>\r\n                    <\/h2>\r\n                                        <p><p>Surten al mercat les refer\u00e8ncies Negre Nit i 996.<\/p>\n<\/p>\r\n                                    <\/div>\r\n            <\/div>\r\n            <div class=\"exclearfix\"><\/div>\r\n        <\/div>\r\n            <\/div>\r\n    <div class=\"wpex-timeline-icon\">\r\n    \t        <a href=\"javascript:;\" title=\"Llen\u00e7ament\"><i class=\"fa fa-square icon-img\"><\/i><\/a>\r\n    <\/div>\r\n    \t<style type=\"text\/css\">\r\n\t\t\t\t.wpex-timeline-list li.post-743 .wpex-timeline-icon .fa.icon-img:before{ background:url(https:\/\/vidbertus.com\/wp-content\/uploads\/2019\/06\/timeline_08.png); background-repeat: no-repeat; background-size: 100% auto; background-position: center;}\r\n\t\t    <\/style>\r\n            <\/li><li class=\"filter-5250_744  post-744 wp-timeline type-wp-timeline status-publish hentry wpex_category-historia\" data-id=\"filter-5250_744\" >\r\n\t<div class=\"\">\r\n                <time class=\"wpex-timeline-time\" datetime=\"08:23 12\/06\/2019\">\r\n        \t                <a href=\"javascript:;\" title=\"Nova adquisici\u00f3\">\r\n                                    <\/a>\r\n                        <span class=\"exclearfix\"><\/span>\r\n            \r\n\t\t\t<span class=\"info-h\"><\/span>\r\n\t\t<span class=\"tll-date\">\r\n\t\t\t7\/11\/2013\r\n\t\t<\/span>        <\/time>\r\n        <div class=\"wpex-timeline-label\">\r\n                        <div class=\"timeline-details\">\r\n                                <div class=\"tlct-shortdes\">\r\n                    <h2 style=\" display:inline;\">\r\n                        <a href=\"javascript:;\" title=\"Nova adquisici\u00f3\">\r\n                            <span class=\"tlmobile-visible\">7\/11\/2013&nbsp;-&nbsp;<\/span>Nova adquisici\u00f3                        <\/a>\r\n                    <\/h2>\r\n                                        <p><p>Adquisici\u00f3 de la vinya de trepat a Barber\u00e1 de la Conca i neix el nostre vi negre jove Cup3.<br \/>\nS&#8217;incorpora al nostre projecte el Marc Rosell.<\/p>\n<\/p>\r\n                                    <\/div>\r\n            <\/div>\r\n            <div class=\"exclearfix\"><\/div>\r\n        <\/div>\r\n            <\/div>\r\n    <div class=\"wpex-timeline-icon\">\r\n    \t        <a href=\"javascript:;\" title=\"Nova adquisici\u00f3\"><i class=\"fa fa-square icon-img\"><\/i><\/a>\r\n    <\/div>\r\n    \t<style type=\"text\/css\">\r\n\t\t\t\t.wpex-timeline-list li.post-744 .wpex-timeline-icon .fa.icon-img:before{ background:url(https:\/\/vidbertus.com\/wp-content\/uploads\/2019\/06\/timeline_05.png); background-repeat: no-repeat; background-size: 100% auto; background-position: center;}\r\n\t\t    <\/style>\r\n            <\/li><li class=\"filter-5250_745  post-745 wp-timeline type-wp-timeline status-publish hentry wpex_category-historia\" data-id=\"filter-5250_745\" >\r\n\t<div class=\"\">\r\n                <time class=\"wpex-timeline-time\" datetime=\"08:24 12\/06\/2019\">\r\n        \t                <a href=\"javascript:;\" title=\"Investigaci\u00f3\">\r\n                                    <\/a>\r\n                        <span class=\"exclearfix\"><\/span>\r\n            \r\n\t\t\t<span class=\"info-h\"><\/span>\r\n\t\t<span class=\"tll-date\">\r\n\t\t\t10\/06\/2015\r\n\t\t<\/span>        <\/time>\r\n        <div class=\"wpex-timeline-label\">\r\n                        <div class=\"timeline-details\">\r\n                                <div class=\"tlct-shortdes\">\r\n                    <h2 style=\" display:inline;\">\r\n                        <a href=\"javascript:;\" title=\"Investigaci\u00f3\">\r\n                            <span class=\"tlmobile-visible\">10\/06\/2015&nbsp;-&nbsp;<\/span>Investigaci\u00f3                        <\/a>\r\n                    <\/h2>\r\n                                        <p><p>Es pensa el nou vi de mitja crian\u00e7a.<\/p>\n<\/p>\r\n                                    <\/div>\r\n            <\/div>\r\n            <div class=\"exclearfix\"><\/div>\r\n        <\/div>\r\n            <\/div>\r\n    <div class=\"wpex-timeline-icon\">\r\n    \t        <a href=\"javascript:;\" title=\"Investigaci\u00f3\"><i class=\"fa fa-square icon-img\"><\/i><\/a>\r\n    <\/div>\r\n    \t<style type=\"text\/css\">\r\n\t\t\t\t.wpex-timeline-list li.post-745 .wpex-timeline-icon .fa.icon-img:before{ background:url(https:\/\/vidbertus.com\/wp-content\/uploads\/2019\/06\/timeline_10.png); background-repeat: no-repeat; background-size: 100% auto; background-position: center;}\r\n\t\t    <\/style>\r\n            <\/li><li class=\"filter-5250_746  post-746 wp-timeline type-wp-timeline status-publish hentry wpex_category-historia\" data-id=\"filter-5250_746\" >\r\n\t<div class=\"\">\r\n                <time class=\"wpex-timeline-time\" datetime=\"08:29 12\/06\/2019\">\r\n        \t                <a href=\"javascript:;\" title=\"Degustaci\u00f3\">\r\n                                    <\/a>\r\n                        <span class=\"exclearfix\"><\/span>\r\n            \r\n\t\t\t<span class=\"info-h\"><\/span>\r\n\t\t<span class=\"tll-date\">\r\n\t\t\t24\/04\/2017\r\n\t\t<\/span>        <\/time>\r\n        <div class=\"wpex-timeline-label\">\r\n                        <div class=\"timeline-details\">\r\n                                <div class=\"tlct-shortdes\">\r\n                    <h2 style=\" display:inline;\">\r\n                        <a href=\"javascript:;\" title=\"Degustaci\u00f3\">\r\n                            <span class=\"tlmobile-visible\">24\/04\/2017&nbsp;-&nbsp;<\/span>Degustaci\u00f3                        <\/a>\r\n                    <\/h2>\r\n                                        <p><p>Realitzem dues proves amb vins que seran el Gana i l\u2019Intr\u00e8pid.<\/p>\n<\/p>\r\n                                    <\/div>\r\n            <\/div>\r\n            <div class=\"exclearfix\"><\/div>\r\n        <\/div>\r\n            <\/div>\r\n    <div class=\"wpex-timeline-icon\">\r\n    \t        <a href=\"javascript:;\" title=\"Degustaci\u00f3\"><i class=\"fa fa-square icon-img\"><\/i><\/a>\r\n    <\/div>\r\n    \t<style type=\"text\/css\">\r\n\t\t\t\t.wpex-timeline-list li.post-746 .wpex-timeline-icon .fa.icon-img:before{ background:url(https:\/\/vidbertus.com\/wp-content\/uploads\/2019\/06\/timeline_03.png); background-repeat: no-repeat; background-size: 100% auto; background-position: center;}\r\n\t\t    <\/style>\r\n            <\/li><li class=\"filter-5250_747  post-747 wp-timeline type-wp-timeline status-publish hentry wpex_category-historia\" data-id=\"filter-5250_747\" >\r\n\t<div class=\"\">\r\n                <time class=\"wpex-timeline-time\" datetime=\"08:29 12\/06\/2019\">\r\n        \t                <a href=\"javascript:;\" title=\"Nova incorporaci\u00f3\">\r\n                                    <\/a>\r\n                        <span class=\"exclearfix\"><\/span>\r\n            \r\n\t\t\t<span class=\"info-h\"><\/span>\r\n\t\t<span class=\"tll-date\">\r\n\t\t\t02\/06\/2018\r\n\t\t<\/span>        <\/time>\r\n        <div class=\"wpex-timeline-label\">\r\n                        <div class=\"timeline-details\">\r\n                                <div class=\"tlct-shortdes\">\r\n                    <h2 style=\" display:inline;\">\r\n                        <a href=\"javascript:;\" title=\"Nova incorporaci\u00f3\">\r\n                            <span class=\"tlmobile-visible\">02\/06\/2018&nbsp;-&nbsp;<\/span>Nova incorporaci\u00f3                        <\/a>\r\n                    <\/h2>\r\n                                        <p><p>S&#8217;incorpora al projecte l&#8217;Eduard Rovira i es treuen al mercar les seg\u00fcents refer\u00e8ncies.<br \/>\nVi Menut 2015\u2014&gt;100%Garrut<br \/>\nVi Intr\u00e8pid 2017\u2014&gt;100% trepat fermentat en bota.<br \/>\nVi Gana 2017\u2014&gt; 100% Garnatxa negra natural.<\/p>\n<\/p>\r\n                                    <\/div>\r\n            <\/div>\r\n            <div class=\"exclearfix\"><\/div>\r\n        <\/div>\r\n            <\/div>\r\n    <div class=\"wpex-timeline-icon\">\r\n    \t        <a href=\"javascript:;\" title=\"Nova incorporaci\u00f3\"><i class=\"fa fa-square icon-img\"><\/i><\/a>\r\n    <\/div>\r\n    \t<style type=\"text\/css\">\r\n\t\t\t\t.wpex-timeline-list li.post-747 .wpex-timeline-icon .fa.icon-img:before{ background:url(https:\/\/vidbertus.com\/wp-content\/uploads\/2019\/06\/timeline_04.png); background-repeat: no-repeat; background-size: 100% auto; background-position: center;}\r\n\t\t    <\/style>\r\n            <\/li><li class=\"filter-5250_748  post-748 wp-timeline type-wp-timeline status-publish hentry wpex_category-historia\" data-id=\"filter-5250_748\" >\r\n\t<div class=\"\">\r\n                <time class=\"wpex-timeline-time\" datetime=\"08:30 12\/06\/2019\">\r\n        \t                <a href=\"javascript:;\" title=\"Aniversari\">\r\n                                    <\/a>\r\n                        <span class=\"exclearfix\"><\/span>\r\n            \r\n\t\t\t<span class=\"info-h\"><\/span>\r\n\t\t<span class=\"tll-date\">\r\n\t\t\t31\/03\/2019\r\n\t\t<\/span>        <\/time>\r\n        <div class=\"wpex-timeline-label\">\r\n                        <div class=\"timeline-details\">\r\n                                <div class=\"tlct-shortdes\">\r\n                    <h2 style=\" display:inline;\">\r\n                        <a href=\"javascript:;\" title=\"Aniversari\">\r\n                            <span class=\"tlmobile-visible\">31\/03\/2019&nbsp;-&nbsp;<\/span>Aniversari                        <\/a>\r\n                    <\/h2>\r\n                                        <p><p>10 anys de projecte i preparaci\u00f3 dels 10 seg\u00fcents.<\/p>\n<\/p>\r\n                                    <\/div>\r\n            <\/div>\r\n            <div class=\"exclearfix\"><\/div>\r\n        <\/div>\r\n            <\/div>\r\n    <div class=\"wpex-timeline-icon\">\r\n    \t        <a href=\"javascript:;\" title=\"Aniversari\"><i class=\"fa fa-square icon-img\"><\/i><\/a>\r\n    <\/div>\r\n    \t<style type=\"text\/css\">\r\n\t\t\t\t.wpex-timeline-list li.post-748 .wpex-timeline-icon .fa.icon-img:before{ background:url(https:\/\/vidbertus.com\/wp-content\/uploads\/2019\/06\/timeline_09.png); background-repeat: no-repeat; background-size: 100% auto; background-position: center;}\r\n\t\t    <\/style>\r\n            <\/li>            <\/ul>\r\n                    <\/div>\r\n        <div class=\"exclearfix\"><\/div>\r\n\t\t[\/vc_column_text][vc_empty_space height=&#8221;50px&#8221;][\/vc_column][\/vc_row][\/vc_section]<\/p>\n","protected":false},"excerpt":{"rendered":"10 anys de projecte i preparaci\u00f3 dels 10 seg\u00fcents.","protected":false},"author":1,"featured_media":0,"parent":0,"menu_order":0,"comment_status":"closed","ping_status":"closed","template":"","meta":{"footnotes":""},"class_list":["post-102","page","type-page","status-publish","hentry"],"yoast_head":"<!-- This site is optimized with the Yoast SEO plugin v19.11 - https:\/\/yoast.com\/wordpress\/plugins\/seo\/ -->\n<title>Celler VidBertus , Vins de qualitat amb DO Conca de Barber\u00e0<\/title>\n<meta name=\"description\" content=\"El Celler Vidbertus \u00e9s un projecte familiar d&#039;elaboraci\u00f3 de vins de qualitat. Varietats aut\u00f2ctones i collita pr\u00f2pia amb DO Conca de Barber\u00e0\" \/>\n<meta name=\"robots\" content=\"index, follow, max-snippet:-1, max-image-preview:large, max-video-preview:-1\" \/>\n<link rel=\"canonical\" href=\"https:\/\/vidbertus.com\/ca\/celler-vi-catala-do-conca-barbera\/\" \/>\n<meta property=\"og:locale\" content=\"ca_ES\" \/>\n<meta property=\"og:type\" content=\"article\" \/>\n<meta property=\"og:title\" content=\"Celler VidBertus , Vins de qualitat amb DO Conca de Barber\u00e0\" \/>\n<meta property=\"og:description\" content=\"El Celler Vidbertus \u00e9s un projecte familiar d&#039;elaboraci\u00f3 de vins de qualitat. Varietats aut\u00f2ctones i collita pr\u00f2pia amb DO Conca de Barber\u00e0\" \/>\n<meta property=\"og:url\" content=\"https:\/\/vidbertus.com\/ca\/celler-vi-catala-do-conca-barbera\/\" \/>\n<meta property=\"og:site_name\" content=\"Celler VidBertus\" \/>\n<meta property=\"article:modified_time\" content=\"2019-12-18T12:18:00+00:00\" \/>\n<meta name=\"twitter:card\" content=\"summary_large_image\" \/>\n<meta name=\"twitter:label1\" content=\"Temps estimat de lectura\" \/>\n\t<meta name=\"twitter:data1\" content=\"2 minuts\" \/>\n<script type=\"application\/ld+json\" class=\"yoast-schema-graph\">{\"@context\":\"https:\/\/schema.org\",\"@graph\":[{\"@type\":\"WebPage\",\"@id\":\"https:\/\/vidbertus.com\/ca\/celler-vi-catala-do-conca-barbera\/\",\"url\":\"https:\/\/vidbertus.com\/ca\/celler-vi-catala-do-conca-barbera\/\",\"name\":\"Celler VidBertus , Vins de qualitat amb DO Conca de Barber\u00e0\",\"isPartOf\":{\"@id\":\"https:\/\/vidbertus.com\/ca\/#website\"},\"datePublished\":\"2019-04-02T09:34:52+00:00\",\"dateModified\":\"2019-12-18T12:18:00+00:00\",\"description\":\"El Celler Vidbertus \u00e9s un projecte familiar d'elaboraci\u00f3 de vins de qualitat. Varietats aut\u00f2ctones i collita pr\u00f2pia amb DO Conca de Barber\u00e0\",\"breadcrumb\":{\"@id\":\"https:\/\/vidbertus.com\/ca\/celler-vi-catala-do-conca-barbera\/#breadcrumb\"},\"inLanguage\":\"ca\",\"potentialAction\":[{\"@type\":\"ReadAction\",\"target\":[\"https:\/\/vidbertus.com\/ca\/celler-vi-catala-do-conca-barbera\/\"]}]},{\"@type\":\"BreadcrumbList\",\"@id\":\"https:\/\/vidbertus.com\/ca\/celler-vi-catala-do-conca-barbera\/#breadcrumb\",\"itemListElement\":[{\"@type\":\"ListItem\",\"position\":1,\"name\":\"Inici\",\"item\":\"https:\/\/vidbertus.com\/ca\/\"},{\"@type\":\"ListItem\",\"position\":2,\"name\":\"El Celler\"}]},{\"@type\":\"WebSite\",\"@id\":\"https:\/\/vidbertus.com\/ca\/#website\",\"url\":\"https:\/\/vidbertus.com\/ca\/\",\"name\":\"Celler VidBertus\",\"description\":\"Trepat de la DO Conca de Barbera - Celler VidBertus\",\"publisher\":{\"@id\":\"https:\/\/vidbertus.com\/ca\/#organization\"},\"potentialAction\":[{\"@type\":\"SearchAction\",\"target\":{\"@type\":\"EntryPoint\",\"urlTemplate\":\"https:\/\/vidbertus.com\/ca\/?s={search_term_string}\"},\"query-input\":\"required name=search_term_string\"}],\"inLanguage\":\"ca\"},{\"@type\":\"Organization\",\"@id\":\"https:\/\/vidbertus.com\/ca\/#organization\",\"name\":\"VidBertus\",\"url\":\"https:\/\/vidbertus.com\/ca\/\",\"logo\":{\"@type\":\"ImageObject\",\"inLanguage\":\"ca\",\"@id\":\"https:\/\/vidbertus.com\/ca\/#\/schema\/logo\/image\/\",\"url\":\"https:\/\/vidbertus.com\/wp-content\/uploads\/2019\/12\/favicon-vidbertus-04.png\",\"contentUrl\":\"https:\/\/vidbertus.com\/wp-content\/uploads\/2019\/12\/favicon-vidbertus-04.png\",\"width\":512,\"height\":512,\"caption\":\"VidBertus\"},\"image\":{\"@id\":\"https:\/\/vidbertus.com\/ca\/#\/schema\/logo\/image\/\"}}]}<\/script>\n<!-- \/ Yoast SEO plugin. -->","yoast_head_json":{"title":"Celler VidBertus , Vins de qualitat amb DO Conca de Barber\u00e0","description":"El Celler Vidbertus \u00e9s un projecte familiar d'elaboraci\u00f3 de vins de qualitat. Varietats aut\u00f2ctones i collita pr\u00f2pia amb DO Conca de Barber\u00e0","robots":{"index":"index","follow":"follow","max-snippet":"max-snippet:-1","max-image-preview":"max-image-preview:large","max-video-preview":"max-video-preview:-1"},"canonical":"https:\/\/vidbertus.com\/ca\/celler-vi-catala-do-conca-barbera\/","og_locale":"ca_ES","og_type":"article","og_title":"Celler VidBertus , Vins de qualitat amb DO Conca de Barber\u00e0","og_description":"El Celler Vidbertus \u00e9s un projecte familiar d'elaboraci\u00f3 de vins de qualitat. Varietats aut\u00f2ctones i collita pr\u00f2pia amb DO Conca de Barber\u00e0","og_url":"https:\/\/vidbertus.com\/ca\/celler-vi-catala-do-conca-barbera\/","og_site_name":"Celler VidBertus","article_modified_time":"2019-12-18T12:18:00+00:00","twitter_card":"summary_large_image","twitter_misc":{"Temps estimat de lectura":"2 minuts"},"schema":{"@context":"https:\/\/schema.org","@graph":[{"@type":"WebPage","@id":"https:\/\/vidbertus.com\/ca\/celler-vi-catala-do-conca-barbera\/","url":"https:\/\/vidbertus.com\/ca\/celler-vi-catala-do-conca-barbera\/","name":"Celler VidBertus , Vins de qualitat amb DO Conca de Barber\u00e0","isPartOf":{"@id":"https:\/\/vidbertus.com\/ca\/#website"},"datePublished":"2019-04-02T09:34:52+00:00","dateModified":"2019-12-18T12:18:00+00:00","description":"El Celler Vidbertus \u00e9s un projecte familiar d'elaboraci\u00f3 de vins de qualitat. Varietats aut\u00f2ctones i collita pr\u00f2pia amb DO Conca de Barber\u00e0","breadcrumb":{"@id":"https:\/\/vidbertus.com\/ca\/celler-vi-catala-do-conca-barbera\/#breadcrumb"},"inLanguage":"ca","potentialAction":[{"@type":"ReadAction","target":["https:\/\/vidbertus.com\/ca\/celler-vi-catala-do-conca-barbera\/"]}]},{"@type":"BreadcrumbList","@id":"https:\/\/vidbertus.com\/ca\/celler-vi-catala-do-conca-barbera\/#breadcrumb","itemListElement":[{"@type":"ListItem","position":1,"name":"Inici","item":"https:\/\/vidbertus.com\/ca\/"},{"@type":"ListItem","position":2,"name":"El Celler"}]},{"@type":"WebSite","@id":"https:\/\/vidbertus.com\/ca\/#website","url":"https:\/\/vidbertus.com\/ca\/","name":"Celler VidBertus","description":"Trepat de la DO Conca de Barbera - Celler VidBertus","publisher":{"@id":"https:\/\/vidbertus.com\/ca\/#organization"},"potentialAction":[{"@type":"SearchAction","target":{"@type":"EntryPoint","urlTemplate":"https:\/\/vidbertus.com\/ca\/?s={search_term_string}"},"query-input":"required name=search_term_string"}],"inLanguage":"ca"},{"@type":"Organization","@id":"https:\/\/vidbertus.com\/ca\/#organization","name":"VidBertus","url":"https:\/\/vidbertus.com\/ca\/","logo":{"@type":"ImageObject","inLanguage":"ca","@id":"https:\/\/vidbertus.com\/ca\/#\/schema\/logo\/image\/","url":"https:\/\/vidbertus.com\/wp-content\/uploads\/2019\/12\/favicon-vidbertus-04.png","contentUrl":"https:\/\/vidbertus.com\/wp-content\/uploads\/2019\/12\/favicon-vidbertus-04.png","width":512,"height":512,"caption":"VidBertus"},"image":{"@id":"https:\/\/vidbertus.com\/ca\/#\/schema\/logo\/image\/"}}]}},"_links":{"self":[{"href":"https:\/\/vidbertus.com\/ca\/wp-json\/wp\/v2\/pages\/102"}],"collection":[{"href":"https:\/\/vidbertus.com\/ca\/wp-json\/wp\/v2\/pages"}],"about":[{"href":"https:\/\/vidbertus.com\/ca\/wp-json\/wp\/v2\/types\/page"}],"author":[{"embeddable":true,"href":"https:\/\/vidbertus.com\/ca\/wp-json\/wp\/v2\/users\/1"}],"replies":[{"embeddable":true,"href":"https:\/\/vidbertus.com\/ca\/wp-json\/wp\/v2\/comments?post=102"}],"version-history":[{"count":4,"href":"https:\/\/vidbertus.com\/ca\/wp-json\/wp\/v2\/pages\/102\/revisions"}],"predecessor-version":[{"id":1207,"href":"https:\/\/vidbertus.com\/ca\/wp-json\/wp\/v2\/pages\/102\/revisions\/1207"}],"wp:attachment":[{"href":"https:\/\/vidbertus.com\/ca\/wp-json\/wp\/v2\/media?parent=102"}],"curies":[{"name":"wp","href":"https:\/\/api.w.org\/{rel}","templated":true}]}}